{"id":1085,"date":"2023-11-09T09:23:24","date_gmt":"2023-11-09T09:23:24","guid":{"rendered":"https:\/\/farmworkermovement-csun.org\/?page_id=1085"},"modified":"2024-05-02T19:45:29","modified_gmt":"2024-05-02T19:45:29","slug":"wendy-goepel","status":"publish","type":"page","link":"https:\/\/farmworkermovement-csun.org\/es\/wendy-goepel\/","title":{"rendered":"People: Wendy Goepel"},"content":{"rendered":"<p>[et_pb_section fb_built=&#8221;1&#8243; disabled_on=&#8221;on|off|off&#8221; _builder_version=&#8221;4.21.0&#8243; _module_preset=&#8221;default&#8221; use_background_color_gradient=&#8221;on&#8221; background_color_gradient_direction=&#8221;360deg&#8221; background_color_gradient_stops=&#8221;#000000 0%|rgba(10,10,10,0) 65%&#8221; background_color_gradient_overlays_image=&#8221;on&#8221; background_image=&#8221;http:\/\/farmworkermovement-csun.org\/wp-content\/uploads\/2023\/11\/FMC_128_full.jpg&#8221; background_position=&#8221;top_center&#8221; background_vertical_offset=&#8221;50%&#8221; width=&#8221;100%&#8221; min_height=&#8221;39vh&#8221; custom_margin=&#8221;-2px|||||&#8221; custom_padding=&#8221;98px|0px|98px|0px|true|true&#8221; locked=&#8221;off&#8221; global_colors_info=&#8221;{}&#8221;][et_pb_row _builder_version=&#8221;4.21.0&#8243; _module_preset=&#8221;default&#8221; custom_padding=&#8221;85px|||||&#8221; global_colors_info=&#8221;{}&#8221;][et_pb_column type=&#8221;4_4&#8243; _builder_version=&#8221;4.17.4&#8243; _module_preset=&#8221;default&#8221; global_colors_info=&#8221;{}&#8221;][et_pb_text _builder_version=&#8221;4.21.0&#8243; _module_preset=&#8221;default&#8221; text_font=&#8221;Montserrat|700|||||||&#8221; header_font=&#8221;Montserrat|700|||||||&#8221; header_text_align=&#8221;center&#8221; header_text_color=&#8221;#FFFFFF&#8221; header_font_size=&#8221;76px&#8221; custom_margin=&#8221;||-16px|||&#8221; header_font_tablet=&#8221;Montserrat|700|||||||&#8221; header_font_phone=&#8221;Montserrat|700|||||||&#8221; header_font_last_edited=&#8221;on|desktop&#8221; global_colors_info=&#8221;{}&#8221;]<\/p>\n<h1 style=\"text-align: center;\">Wendy Goepel<\/h1>\n<p>[\/et_pb_text][\/et_pb_column][\/et_pb_row][\/et_pb_section][et_pb_section fb_built=&#8221;1&#8243; disabled_on=&#8221;off|on|on&#8221; _builder_version=&#8221;4.21.0&#8243; _module_preset=&#8221;default&#8221; use_background_color_gradient=&#8221;on&#8221; background_color_gradient_direction=&#8221;360deg&#8221; background_color_gradient_stops=&#8221;#000000 0%|rgba(10,10,10,0) 65%&#8221; background_color_gradient_overlays_image=&#8221;on&#8221; background_image=&#8221;http:\/\/farmworkermovement-csun.org\/wp-content\/uploads\/2023\/11\/FMC_128_full.jpg&#8221; background_position=&#8221;top_center&#8221; background_vertical_offset=&#8221;50%&#8221; width=&#8221;100%&#8221; min_height=&#8221;39vh&#8221; custom_margin=&#8221;-2px|||||&#8221; custom_padding=&#8221;98px|0px|98px|0px|true|true&#8221; locked=&#8221;off&#8221; global_colors_info=&#8221;{}&#8221;][et_pb_row _builder_version=&#8221;4.21.0&#8243; _module_preset=&#8221;default&#8221; custom_padding=&#8221;85px|||||&#8221; global_colors_info=&#8221;{}&#8221;][et_pb_column type=&#8221;4_4&#8243; _builder_version=&#8221;4.17.4&#8243; _module_preset=&#8221;default&#8221; global_colors_info=&#8221;{}&#8221;][et_pb_text _builder_version=&#8221;4.21.0&#8243; _module_preset=&#8221;default&#8221; text_font=&#8221;Montserrat|700|||||||&#8221; header_font=&#8221;|700|||||||&#8221; header_text_align=&#8221;center&#8221; header_text_color=&#8221;#FFFFFF&#8221; header_font_size=&#8221;40px&#8221; text_orientation=&#8221;center&#8221; custom_margin=&#8221;||-16px|||&#8221; header_font_tablet=&#8221;Roboto Slab|700|||||||&#8221; header_font_phone=&#8221;Montserrat|700|||||||&#8221; header_font_last_edited=&#8221;on|desktop&#8221; global_colors_info=&#8221;{}&#8221;]<\/p>\n<h1 style=\"text-align: center;\">Wendy Goepel<\/h1>\n<p>[\/et_pb_text][\/et_pb_column][\/et_pb_row][\/et_pb_section][et_pb_section fb_built=&#8221;1&#8243; _builder_version=&#8221;4.21.0&#8243; _module_preset=&#8221;default&#8221; global_colors_info=&#8221;{}&#8221;][et_pb_row column_structure=&#8221;1_3,2_3&#8243; _builder_version=&#8221;4.21.0&#8243; _module_preset=&#8221;default&#8221; custom_padding=&#8221;12px||0px|||&#8221; global_colors_info=&#8221;{}&#8221;][et_pb_column type=&#8221;1_3&#8243; _builder_version=&#8221;4.21.0&#8243; _module_preset=&#8221;default&#8221; global_colors_info=&#8221;{}&#8221;][et_pb_text _builder_version=&#8221;4.21.0&#8243; _module_preset=&#8221;default&#8221; link_option_url=&#8221;https:\/\/cdm17169.contentdm.oclc.org\/digital\/collection\/FMC\/id\/128&#8243; link_option_url_new_window=&#8221;on&#8221; global_colors_info=&#8221;{}&#8221;]<\/p>\n<p><span style=\"color: #999999;\"><em><span>Wendy Goepel sorting envelopes at Filipino Hall, Delano, ca. 1966. Photo by Emmon Clarke.<\/span><\/em><\/span><\/p>\n<p>[\/et_pb_text][\/et_pb_column][et_pb_column type=&#8221;2_3&#8243; _builder_version=&#8221;4.21.0&#8243; _module_preset=&#8221;default&#8221; global_colors_info=&#8221;{}&#8221;][et_pb_text _builder_version=&#8221;4.21.0&#8243; _module_preset=&#8221;default&#8221; text_font_size=&#8221;20px&#8221; text_line_height=&#8221;1.6em&#8221; global_colors_info=&#8221;{}&#8221;]<\/p>\n<p><span style=\"font-weight: 400;\">Wendy Goepel had a central role in the NFWA. She moved from Massachusetts to California in 1958, to join the California Migrant Ministry and study sociology at the University of California, Berkeley. She quickly learned in which conditions the farmworkers&#8217; families were living as she spent her first Californian summer working and living in different labor camps near Bakersfield in Kern County. As a student from Berkeley, she traveled to Stockton to meet Dolores Huerta and Gilbert Padilla, and after earning her master at Stanford she quit her PhD studies to work on a new project at the California Health Department, the Farmworker Health Service.<\/span><\/p>\n<p><span><\/span><\/p>\n<p>[\/et_pb_text][\/et_pb_column][\/et_pb_row][\/et_pb_section][et_pb_section fb_built=&#8221;1&#8243; _builder_version=&#8221;4.21.0&#8243; _module_preset=&#8221;default&#8221; background_image=&#8221;http:\/\/farmworkermovement-csun.org\/wp-content\/uploads\/2023\/12\/96.01.EC_.N35.B1.01.09.15.png&#8221; background_position=&#8221;top_center&#8221; background_vertical_offset=&#8221;22%&#8221; min_height=&#8221;75vh&#8221; link_option_url=&#8221;https:\/\/cdm17169.contentdm.oclc.org\/digital\/collection\/FMC\/id\/15\/&#8221; link_option_url_new_window=&#8221;on&#8221; hover_enabled=&#8221;0&#8243; global_colors_info=&#8221;{}&#8221; sticky_enabled=&#8221;0&#8243;][\/et_pb_section][et_pb_section fb_built=&#8221;1&#8243; module_id=&#8221;section-english&#8221; _builder_version=&#8221;4.21.0&#8243; _module_preset=&#8221;default&#8221; min_height=&#8221;336.8px&#8221; global_colors_info=&#8221;{}&#8221;][et_pb_row column_structure=&#8221;1_3,2_3&#8243; _builder_version=&#8221;4.21.0&#8243; _module_preset=&#8221;default&#8221; custom_margin=&#8221;auto||auto||true|false&#8221; global_colors_info=&#8221;{}&#8221;][et_pb_column type=&#8221;1_3&#8243; _builder_version=&#8221;4.21.0&#8243; _module_preset=&#8221;default&#8221; global_colors_info=&#8221;{}&#8221;][et_pb_text _builder_version=&#8221;4.21.0&#8243; _module_preset=&#8221;default&#8221; hover_enabled=&#8221;0&#8243; global_colors_info=&#8221;{}&#8221; link_option_url_new_window=&#8221;on&#8221; link_option_url=&#8221;https:\/\/cdm17169.contentdm.oclc.org\/digital\/collection\/FMC\/id\/15\/&#8221; sticky_enabled=&#8221;0&#8243;]<\/p>\n<p><span style=\"color: #999999;\"><em><span>Wendy Goepel talking to a driver, Delano, ca. 1966. Photo by Emmon Clarke.<\/span><\/em><\/span><\/p>\n<p>[\/et_pb_text][\/et_pb_column][et_pb_column type=&#8221;2_3&#8243; _builder_version=&#8221;4.21.0&#8243; _module_preset=&#8221;default&#8221; global_colors_info=&#8221;{}&#8221;][et_pb_text _builder_version=&#8221;4.21.0&#8243; _module_preset=&#8221;default&#8221; text_font_size=&#8221;20px&#8221; text_line_height=&#8221;1.6em&#8221; global_colors_info=&#8221;{}&#8221;]<\/p>\n<p><span style=\"font-weight: 400;\">From 1963 to 1965 she led a team of survey interviewers inquiring about the health, housing, and economic conditions of migrant farmworkers living in Kern, Kings, and Tulare County and writing reports about the health status of Black, Filipino, and Okie farmworkers. During these times she met C\u00e9sar and Helen Ch\u00e1vez and formed Citizens for Farm Labor, a group that included other activists and unionists such Anne Draper and Bill Esher. Esher wanted to publish a magazine in Delano, and Goepel financed him by sending him $50 a month so that he could live and work in Delano, where he started the newspaper <\/span><i><span style=\"font-weight: 400;\">El Malcriado<\/span><\/i><span style=\"font-weight: 400;\">.<\/span><\/p>\n<p>[\/et_pb_text][\/et_pb_column][\/et_pb_row][\/et_pb_section][et_pb_section fb_built=&#8221;1&#8243; _builder_version=&#8221;4.21.0&#8243; _module_preset=&#8221;default&#8221; background_color=&#8221;#D22030&#8243; locked=&#8221;off&#8221; global_colors_info=&#8221;{}&#8221;][et_pb_row column_structure=&#8221;2_5,3_5&#8243; _builder_version=&#8221;4.21.0&#8243; _module_preset=&#8221;default&#8221; background_color=&#8221;#D22030&#8243; width=&#8221;100%&#8221; max_width=&#8221;100%&#8221; global_colors_info=&#8221;{}&#8221;][et_pb_column type=&#8221;2_5&#8243; _builder_version=&#8221;4.21.0&#8243; _module_preset=&#8221;default&#8221; global_colors_info=&#8221;{}&#8221;][et_pb_image src=&#8221;http:\/\/farmworkermovement-csun.org\/wp-content\/uploads\/2023\/11\/FMC_529_full.jpg&#8221; alt=&#8221;UFW volunteer and organizer Wendy Goepel is working on marking picket signs in the basement of the Church of the Epiphany in Lincoln Heights, in Los Angeles. %22This was in Los Angeles,%22 she said in an email after seeing this photograph. %22After the harvest we went to LA to do informational picketing during shift changes at big manufacturing plants. Every car leaving the parking lot got leafletted; some gave small money; many gave encouragement; none could buy grapes after meeting us! There were about ten of us. I loved making signs and did it a lot in the church basement where we were living on their floor.%22<\/p>\n<p>Wendy Goepel, voluntaria y organizadora de UFW, est\u00e1 trabajando en hacer pancartas en el s\u00f3tano de la Iglesia de la Epifan\u00eda en Lincoln Heights, in Los Angeles. %22Esto fue en Los \u00c1ngeles. Despu\u00e9s de la cosecha, fuimos a Los \u00c1ngeles para hacer piquetes informativos durante los cambios de turno en las grandes plantas de fabricaci\u00f3n,%22 dijo Goepel en un correo electr\u00f3nico despu\u00e9s de ver esta foto. %22Cada autom\u00f3vil que sal\u00eda del estacionamiento recibi\u00f3 folletos; algunos dieron dinero peque\u00f1o; muchos dieron \u00e1nimos; \u00a1ninguno pudo comprar uvas despu\u00e9s de conocernos! \u00c9ramos unos diez. \u00a1Viv\u00edamos en la parte baja de la cadena alimenticia, seguro! Me encantaba hacer letreros y lo hice. mucho en el s\u00f3tano de la iglesia donde viv\u00edamos, en su piso.%22&#8243; title_text=&#8221;Wendy Goepel making picket signs at the Church of the Epiphany in Lincoln Heights, Los Angeles, 1966&#8243; url=&#8221;https:\/\/cdm17169.contentdm.oclc.org\/digital\/collection\/FMC\/id\/529&#8243; url_new_window=&#8221;on&#8221; _builder_version=&#8221;4.21.0&#8243; _module_preset=&#8221;default&#8221; global_colors_info=&#8221;{}&#8221;][\/et_pb_image][\/et_pb_column][et_pb_column type=&#8221;3_5&#8243; _builder_version=&#8221;4.21.0&#8243; _module_preset=&#8221;default&#8221; global_colors_info=&#8221;{}&#8221;][et_pb_text _builder_version=&#8221;4.21.0&#8243; _module_preset=&#8221;default&#8221; text_text_color=&#8221;#FFFFFF&#8221; text_font_size=&#8221;40px&#8221; text_line_height=&#8221;1.2em&#8221; custom_margin=&#8221;0px||||false|false&#8221; custom_padding=&#8221;|10vh||5vh|false|false&#8221; global_colors_info=&#8221;{}&#8221;]<\/p>\n<p>Wendy Goepel making picket signs at the Church of the Epiphany in Lincoln Heights, Los Angeles, 1966<\/p>\n<p>[\/et_pb_text][et_pb_text _builder_version=&#8221;4.21.0&#8243; _module_preset=&#8221;default&#8221; text_text_color=&#8221;#FFFFFF&#8221; text_font_size=&#8221;20px&#8221; text_line_height=&#8221;1.6em&#8221; header_4_text_color=&#8221;#FFFFFF&#8221; module_alignment=&#8221;center&#8221; custom_margin=&#8221;||||false|false&#8221; custom_padding=&#8221;|10vh||5vh|false|false&#8221; global_colors_info=&#8221;{}&#8221;]<\/p>\n<p>UFW volunteer and organizer Wendy Goepel is working on marking picket signs in the basement of the Church of the Epiphany in Lincoln Heights, in Los Angeles. &#8220;This was in Los Angeles,&#8221; she said in an email after seeing this photograph. &#8220;After the harvest we went to LA to do informational picketing during shift changes at big manufacturing plants. Every car leaving the parking lot got leafletted; some gave small money; many gave encouragement; none could buy grapes after meeting us! There were about ten of us. I loved making signs and did it a lot in the church basement where we were living on their floor.&#8221;<\/p>\n<p>[\/et_pb_text][\/et_pb_column][\/et_pb_row][\/et_pb_section][et_pb_section fb_built=&#8221;1&#8243; _builder_version=&#8221;4.21.0&#8243; _module_preset=&#8221;default&#8221; global_colors_info=&#8221;{}&#8221;][et_pb_row column_structure=&#8221;2_3,1_3&#8243; _builder_version=&#8221;4.21.0&#8243; _module_preset=&#8221;default&#8221; custom_margin=&#8221;auto||auto||true|false&#8221; global_colors_info=&#8221;{}&#8221;][et_pb_column type=&#8221;2_3&#8243; _builder_version=&#8221;4.21.0&#8243; _module_preset=&#8221;default&#8221; global_colors_info=&#8221;{}&#8221;][et_pb_text _builder_version=&#8221;4.21.0&#8243; _module_preset=&#8221;default&#8221; text_font_size=&#8221;20px&#8221; text_line_height=&#8221;1.6em&#8221; global_colors_info=&#8221;{}&#8221;]<\/p>\n<p><span style=\"font-weight: 400;\"><span>In the winter of 1965 Goepel got a new job working at Governor Pat Brown\u2019s office for the War on Poverty in California project. That didn&#8217;t last long and the project did not benefit the farmworkers as valley growers were democrats and the democrat governor did not intend to upset them in a significant way. But it is during this time that Goepel got closer to Ch\u00e1vez. She was working on six grant applications in the San Joaquin Valley for local improvement projects, one of which was for the NFWA. In September 1965, when C\u00e9sar Ch\u00e1vez asked her to join the NFWA she did not hesitate.<\/span><\/span><\/p>\n<p>[\/et_pb_text][\/et_pb_column][et_pb_column type=&#8221;1_3&#8243; _builder_version=&#8221;4.21.0&#8243; _module_preset=&#8221;default&#8221; global_colors_info=&#8221;{}&#8221;][\/et_pb_column][\/et_pb_row][\/et_pb_section][et_pb_section fb_built=&#8221;1&#8243; _builder_version=&#8221;4.21.0&#8243; _module_preset=&#8221;default&#8221; background_image=&#8221;http:\/\/farmworkermovement-csun.org\/wp-content\/uploads\/2023\/11\/FMC_5_full.jpg&#8221; background_position=&#8221;top_center&#8221; background_vertical_offset=&#8221;49%&#8221; min_height=&#8221;75vh&#8221; link_option_url=&#8221;https:\/\/cdm17169.contentdm.oclc.org\/digital\/collection\/FMC\/id\/5\/&#8221; link_option_url_new_window=&#8221;on&#8221; hover_enabled=&#8221;0&#8243; global_colors_info=&#8221;{}&#8221; sticky_enabled=&#8221;0&#8243;][\/et_pb_section][et_pb_section fb_built=&#8221;1&#8243; _builder_version=&#8221;4.21.0&#8243; _module_preset=&#8221;default&#8221; min_height=&#8221;336.8px&#8221; global_colors_info=&#8221;{}&#8221;][et_pb_row column_structure=&#8221;1_4,3_4&#8243; _builder_version=&#8221;4.21.0&#8243; _module_preset=&#8221;default&#8221; custom_margin=&#8221;auto||auto||true|false&#8221; global_colors_info=&#8221;{}&#8221;][et_pb_column type=&#8221;1_4&#8243; _builder_version=&#8221;4.21.0&#8243; _module_preset=&#8221;default&#8221; global_colors_info=&#8221;{}&#8221;][et_pb_text _builder_version=&#8221;4.21.0&#8243; _module_preset=&#8221;default&#8221; hover_enabled=&#8221;0&#8243; global_colors_info=&#8221;{}&#8221; link_option_url_new_window=&#8221;on&#8221; link_option_url=&#8221;https:\/\/cdm17169.contentdm.oclc.org\/digital\/collection\/FMC\/id\/5\/&#8221; sticky_enabled=&#8221;0&#8243;]<\/p>\n<p><span style=\"color: #999999;\"><em><span>Wendy Goepel working at a desk in the NFWA office, Delano, ca. 1966. Photo by Emmon Clarke.<\/span><\/em><\/span><\/p>\n<p>[\/et_pb_text][\/et_pb_column][et_pb_column type=&#8221;3_4&#8243; _builder_version=&#8221;4.21.0&#8243; _module_preset=&#8221;default&#8221; global_colors_info=&#8221;{}&#8221;][et_pb_text _builder_version=&#8221;4.21.0&#8243; _module_preset=&#8221;default&#8221; text_font_size=&#8221;20px&#8221; text_line_height=&#8221;1.6em&#8221; global_colors_info=&#8221;{}&#8221;]<\/p>\n<p><span style=\"font-weight: 400;\"><span>On September 16, a day after a strike vote was called at Filipino Hall, Goepel quit her job at Farmworkers Health Services and joined Ch\u00e1vez. In the fall of 1965, as soon as the strike began, Goepel was in charge of the press working from the office in Negrito Hall, in Delano, writing press releases. In the following months she moved to Washington to develop rural health. Once again, Ch\u00e1vez went looking for her, asking her to help him raise money to establish a medical clinic. During this time, she met C\u00e9sar\u2019s new doctor, David Brooks. Together, they started a clinic for farmworkers in Woodville, California.<\/span><\/span><\/p>\n<p><span style=\"font-weight: 400;\"><span><\/span><\/span><\/p>\n<p><span style=\"font-weight: 400;\"><\/span><\/p>\n<p>[\/et_pb_text][\/et_pb_column][\/et_pb_row][\/et_pb_section][et_pb_section fb_built=&#8221;1&#8243; _builder_version=&#8221;4.21.0&#8243; _module_preset=&#8221;default&#8221; background_color=&#8221;#D8D2C4&#8243; min_height=&#8221;530px&#8221; custom_margin=&#8221;-1px|||||&#8221; custom_padding=&#8221;0px|||||&#8221; global_module=&#8221;70&#8243; saved_tabs=&#8221;all&#8221; locked=&#8221;off&#8221; global_colors_info=&#8221;{}&#8221;][et_pb_row column_structure=&#8221;1_4,1_4,1_4,1_4&#8243; _builder_version=&#8221;4.21.0&#8243; _module_preset=&#8221;default&#8221; global_colors_info=&#8221;{}&#8221;][et_pb_column type=&#8221;1_4&#8243; _builder_version=&#8221;4.21.0&#8243; _module_preset=&#8221;default&#8221; global_colors_info=&#8221;{}&#8221;][et_pb_image src=&#8221;http:\/\/farmworkermovement-csun.org\/wp-content\/uploads\/2023\/07\/footer_logos.png&#8221; title_text=&#8221;footer_logos&#8221; url=&#8221;https:\/\/www.csun.edu\/bradley-center&#8221; url_new_window=&#8221;on&#8221; align=&#8221;center&#8221; _builder_version=&#8221;4.21.0&#8243; _module_preset=&#8221;default&#8221; global_colors_info=&#8221;{}&#8221;][\/et_pb_image][et_pb_image src=&#8221;http:\/\/farmworkermovement-csun.org\/wp-content\/uploads\/2023\/07\/NEH-Preferred-Seal.png&#8221; alt=&#8221;NEH-Preferred-Seal-logo&#8221; title_text=&#8221;NEH-Preferred-Seal&#8221; _builder_version=&#8221;4.21.0&#8243; _module_preset=&#8221;default&#8221; global_colors_info=&#8221;{}&#8221;][\/et_pb_image][\/et_pb_column][et_pb_column type=&#8221;1_4&#8243; _builder_version=&#8221;4.21.0&#8243; _module_preset=&#8221;default&#8221; global_colors_info=&#8221;{}&#8221;][et_pb_text _builder_version=&#8221;4.21.0&#8243; _module_preset=&#8221;default&#8221; global_colors_info=&#8221;{}&#8221;]<\/p>\n<p><span class=\"fn org\" style=\"color: #000000;\">Tom &amp; Ethel Bradley Center<br \/>California State University, Northridge<\/span><br \/><span class=\"street-address\" style=\"color: #000000;\">18111 Nordhoff Street, Northridge, CA 91330<\/span><br \/><span class=\"tel\">Phone:\u00a0<a class=\"value\" href=\"tel:+18186771200\">(818) 677-1200<\/a><\/span>\u00a0\/\u00a0<span class=\"contact-us\"><a href=\"https:\/\/www.csun.edu\/contact\">Contact Us<\/a><\/span><\/p>\n<p>[\/et_pb_text][\/et_pb_column][et_pb_column type=&#8221;1_4&#8243; _builder_version=&#8221;4.21.0&#8243; _module_preset=&#8221;default&#8221; global_colors_info=&#8221;{}&#8221;][et_pb_text _builder_version=&#8221;4.21.0&#8243; _module_preset=&#8221;default&#8221; global_colors_info=&#8221;{}&#8221;]<\/p>\n<p><a href=\"https:\/\/www.csun.edu\/emergency\/\">Emergency Information<\/a><\/p>\n<p><a href=\"https:\/\/www.csun.edu\/afvp\/university-policies-procedures\/\">University Policies &amp; Procedures<\/a><\/p>\n<p><a href=\"https:\/\/www.csun.edu\/eqd\/title-ix-gender-equity-and-sexual-misconduct\">Title<span>\u00a0<\/span><abbr title=\"nine\">IX<\/abbr><\/a><\/p>\n<p>[\/et_pb_text][\/et_pb_column][et_pb_column type=&#8221;1_4&#8243; _builder_version=&#8221;4.21.0&#8243; _module_preset=&#8221;default&#8221; global_colors_info=&#8221;{}&#8221;][et_pb_text _builder_version=&#8221;4.21.0&#8243; _module_preset=&#8221;default&#8221; global_colors_info=&#8221;{}&#8221;]<\/p>\n<p><a href=\"https:\/\/www.csun.edu\/sites\/default\/files\/900-12.pdf\">Terms and Conditions for Use<\/a><\/p>\n<p><a href=\"https:\/\/www.csun.edu\/it\/privacy\">Privacy Policy<\/a><\/p>\n<p><a href=\"https:\/\/www.csun.edu\/it\/document-viewers\">Document Reader<\/a><\/p>\n<p>[\/et_pb_text][\/et_pb_column][\/et_pb_row][\/et_pb_section]<\/p>\n","protected":false},"excerpt":{"rendered":"<p>Wendy GoepelWendy GoepelWendy Goepel sorting envelopes at Filipino Hall, Delano, ca. 1966. Photo by Emmon Clarke.Wendy Goepel had a central role in the NFWA. She moved from Massachusetts to California in 1958, to join the California Migrant Ministry and study sociology at the University of California, Berkeley. She quickly learned in which conditions the farmworkers&#8217; [&hellip;]<\/p>\n","protected":false},"author":1,"featured_media":0,"parent":0,"menu_order":0,"comment_status":"closed","ping_status":"closed","template":"","meta":{"_et_pb_use_builder":"on","_et_pb_old_content":"<p>[et_pb_section fb_built=\"1\" disabled_on=\"on|off|off\" _builder_version=\"4.21.0\" _module_preset=\"default\" use_background_color_gradient=\"on\" background_color_gradient_direction=\"360deg\" background_color_gradient_stops=\"#000000 0%|rgba(10,10,10,0) 65%\" background_color_gradient_overlays_image=\"on\" background_image=\"http:\/\/farmworkermovement-csun.org\/wp-content\/uploads\/2023\/09\/Cesar-Chavez-and-Helen-Chavez-standing-in-front-of-the-State-Capitol-Sacramento-1966.jpg\" background_position=\"top_center\" background_vertical_offset=\"28%\" width=\"100%\" min_height=\"39vh\" custom_margin=\"-2px|||||\" custom_padding=\"98px|0px|98px|0px|true|true\" hover_enabled=\"0\" locked=\"off\" global_colors_info=\"{}\" sticky_enabled=\"0\"][et_pb_row _builder_version=\"4.21.0\" _module_preset=\"default\" custom_padding=\"85px|||||\" global_colors_info=\"{}\"][et_pb_column type=\"4_4\" _builder_version=\"4.17.4\" _module_preset=\"default\" global_colors_info=\"{}\"][et_pb_text _builder_version=\"4.21.0\" _module_preset=\"default\" text_font=\"Montserrat|700|||||||\" header_font=\"Montserrat|700|||||||\" header_text_align=\"center\" header_text_color=\"#FFFFFF\" header_font_size=\"76px\" custom_margin=\"||-16px|||\" header_font_tablet=\"Montserrat|700|||||||\" header_font_phone=\"Montserrat|700|||||||\" header_font_last_edited=\"on|desktop\" global_colors_info=\"{}\"]<\/p><h1 style=\"text-align: center;\">Gilbert Padilla<\/h1><p>[\/et_pb_text][\/et_pb_column][\/et_pb_row][\/et_pb_section][et_pb_section fb_built=\"1\" disabled_on=\"off|on|on\" _builder_version=\"4.21.0\" _module_preset=\"default\" use_background_color_gradient=\"on\" background_color_gradient_direction=\"360deg\" background_color_gradient_stops=\"#000000 0%|rgba(10,10,10,0) 65%\" background_color_gradient_overlays_image=\"on\" background_image=\"http:\/\/farmworkermovement-csun.org\/wp-content\/uploads\/2023\/08\/96.01.EC_.N35.B1.17.01.28A.jpg\" background_position=\"top_center\" background_vertical_offset=\"13%\" width=\"100%\" min_height=\"39vh\" custom_margin=\"-2px|||||\" custom_padding=\"98px|0px|98px|0px|true|true\" locked=\"off\" global_colors_info=\"{}\"][et_pb_row _builder_version=\"4.21.0\" _module_preset=\"default\" custom_padding=\"85px|||||\" global_colors_info=\"{}\"][et_pb_column type=\"4_4\" _builder_version=\"4.17.4\" _module_preset=\"default\" global_colors_info=\"{}\"][et_pb_text _builder_version=\"4.21.0\" _module_preset=\"default\" text_font=\"Montserrat|700|||||||\" header_font=\"|700|||||||\" header_text_align=\"center\" header_text_color=\"#FFFFFF\" header_font_size=\"40px\" text_orientation=\"center\" custom_margin=\"||-16px|||\" header_font_tablet=\"Roboto Slab|700|||||||\" header_font_phone=\"Montserrat|700|||||||\" header_font_last_edited=\"on|desktop\" global_colors_info=\"{}\"]<\/p><h1 style=\"text-align: center;\">Gilbert Padilla<\/h1><p>[\/et_pb_text][\/et_pb_column][\/et_pb_row][\/et_pb_section][et_pb_section fb_built=\"1\" _builder_version=\"4.21.0\" _module_preset=\"default\" global_colors_info=\"{}\"][et_pb_row _builder_version=\"4.21.0\" _module_preset=\"default\" custom_margin=\"auto|auto|auto|auto|true|false\" global_colors_info=\"{}\"][et_pb_column type=\"4_4\" _builder_version=\"4.21.0\" _module_preset=\"default\" global_colors_info=\"{}\"][et_pb_text _builder_version=\"4.21.0\" _module_preset=\"default\" text_font=\"Montserrat|500||on|||||\" text_text_color=\"#D22030\" text_font_size=\"24px\" text_line_height=\"1.6em\" text_orientation=\"center\" width=\"60%\" module_alignment=\"center\" custom_padding=\"0px||||false|false\" global_colors_info=\"{}\"]<\/p><p style=\"text-align: center;\">\u201cLorem ipsum dolor sit amet, consectetur adipiscing elit. Aenean finibus sapien non neque venenatis rhoncus.\u201d<\/p><p>[\/et_pb_text][\/et_pb_column][\/et_pb_row][\/et_pb_section][et_pb_section fb_built=\"1\" _builder_version=\"4.21.0\" _module_preset=\"default\" global_colors_info=\"{}\"][et_pb_row column_structure=\"1_3,2_3\" _builder_version=\"4.21.0\" _module_preset=\"default\" custom_padding=\"12px||0px|||\" global_colors_info=\"{}\"][et_pb_column type=\"1_3\" _builder_version=\"4.21.0\" _module_preset=\"default\" global_colors_info=\"{}\"][et_pb_text _builder_version=\"4.21.0\" _module_preset=\"default\" text_font=\"Montserrat|500||on|||||\" text_font_size=\"22px\" text_line_height=\"1.6em\" global_colors_info=\"{}\"]<\/p><p style=\"text-align: left;\">one of the founders of the United Farm Workers (UFW)<\/p><p>[\/et_pb_text][\/et_pb_column][et_pb_column type=\"2_3\" _builder_version=\"4.21.0\" _module_preset=\"default\" global_colors_info=\"{}\"][et_pb_text _builder_version=\"4.21.0\" _module_preset=\"default\" text_font_size=\"20px\" text_line_height=\"1.6em\" global_colors_info=\"{}\"]<\/p><p><span style=\"font-weight: 400;\">Gilbert Padilla was born in 1927 in the Hamburg labor camp in Los Ba\u00f1os, Merced County, where his family picked cotton. As a child, Padilla picked cotton in the fields with his dad and eight siblings. Like many children in the fields, he carried a small cotton sack around his waist. He was only six years old during the great cotton strike of 1933, but he heard the stories and absorbed the essential lesson of organized labor.<\/span><\/p><p>[\/et_pb_text][et_pb_button button_text=\"Espa\u00f1ol\" button_alignment=\"right\" _builder_version=\"4.21.0\" _module_preset=\"default\" global_colors_info=\"{}\"][\/et_pb_button][\/et_pb_column][\/et_pb_row][\/et_pb_section][et_pb_section fb_built=\"1\" _builder_version=\"4.21.0\" _module_preset=\"default\" background_image=\"http:\/\/farmworkermovement-csun.org\/wp-content\/uploads\/2023\/09\/Bonnie-Chatfield-Gilbert-Padilla-Helen-Chavez-and-Jessica-Govea-working-at-the-Farm-Worker-Service-Center-Delano-ca.-1966.jpg\" background_position=\"top_center\" background_vertical_offset=\"22%\" min_height=\"75vh\" global_colors_info=\"{}\"][\/et_pb_section][et_pb_section fb_built=\"1\" _builder_version=\"4.21.0\" _module_preset=\"default\" min_height=\"336.8px\" global_colors_info=\"{}\"][et_pb_row column_structure=\"1_3,2_3\" _builder_version=\"4.21.0\" _module_preset=\"default\" custom_margin=\"auto||auto||true|false\" global_colors_info=\"{}\"][et_pb_column type=\"1_3\" _builder_version=\"4.21.0\" _module_preset=\"default\" global_colors_info=\"{}\"][et_pb_text _builder_version=\"4.21.0\" _module_preset=\"default\" global_colors_info=\"{}\"][\/et_pb_text][\/et_pb_column][et_pb_column type=\"2_3\" _builder_version=\"4.21.0\" _module_preset=\"default\" global_colors_info=\"{}\"][et_pb_text _builder_version=\"4.21.0\" _module_preset=\"default\" text_font_size=\"20px\" text_line_height=\"1.6em\" global_colors_info=\"{}\"]<\/p><p><span style=\"font-weight: 400;\"> Segregation and discrimination were common and shocking for him. Although whites and Mexicans picked cotton together in the same crews, the Mexicans lived in one camp and the whites in another on the Hamburg ranch in Los Ba\u00f1os. There was one elementary school for Mexicans and two for whites in Azusa. Housing was segregated, but also movie theaters and public swimming pools.<\/span><\/p><p>\u00a0<\/p><p><span style=\"font-weight: 400;\">He was discharged from the U.S. Army in 1947, and like many, his perspective changed as he worked with whites and was a squad leader. He went to work for a dry cleaner and went back to the fields, where he met C\u00e9sar Ch\u00e1vez in 1955. When Ch\u00e1vez became the national director of the Community Service Organization (CSO), he assigned Padilla to the CSO service center in Stockton.<\/span><\/p><p>[\/et_pb_text][\/et_pb_column][\/et_pb_row][\/et_pb_section][et_pb_section fb_built=\"1\" _builder_version=\"4.21.0\" _module_preset=\"default\" background_color=\"#D22030\" locked=\"off\" global_colors_info=\"{}\"][et_pb_row column_structure=\"2_5,3_5\" _builder_version=\"4.21.0\" _module_preset=\"default\" background_color=\"#D22030\" width=\"100%\" max_width=\"100%\" global_colors_info=\"{}\"][et_pb_column type=\"2_5\" _builder_version=\"4.21.0\" _module_preset=\"default\" global_colors_info=\"{}\"][et_pb_image src=\"http:\/\/farmworkermovement-csun.org\/wp-content\/uploads\/2023\/09\/Cesar-Chavez-and-Helen-Chavez-standing-in-front-of-the-State-Capitol-Sacramento-1966.jpg\" alt=\"C\u00e9sar Ch\u00e1vez and H\u00e9len Ch\u00e1vez are standing in front of State Capitol on the last day of the march from Delano to Sacramento. C\u00e9sar Ch\u00e1vez briefly addressed the crowd that day. \u201cIt is well to remember that in defeat there must be courage, but also that in victory, there must be humility,\u201d Chavez said. He then thanked the organizations offered support and the farmworkers who went on strike. At the end of his talk he personally thanked Helen Ch\u00e1vez. \u201cAnd I want to introduce to you someone, when we started organizing four years ago, in fact one of the very few people that thought that this could be done, my wife, Helen.%22\" title_text=\"C\u00e9sar Ch\u00e1vez and H\u00e9len Ch\u00e1vez standing in front of the State Capitol, Sacramento, 1966\" _builder_version=\"4.21.0\" _module_preset=\"default\" global_colors_info=\"{}\"][\/et_pb_image][\/et_pb_column][et_pb_column type=\"3_5\" _builder_version=\"4.21.0\" _module_preset=\"default\" global_colors_info=\"{}\"][et_pb_text _builder_version=\"4.21.0\" _module_preset=\"default\" text_text_color=\"#FFFFFF\" text_font_size=\"40px\" text_line_height=\"1.2em\" custom_margin=\"15vh||||false|false\" custom_padding=\"|10vh||5vh|false|false\" global_colors_info=\"{}\"]C\u00e9sar Ch\u00e1vez and H\u00e9len Ch\u00e1vez standing in front of the State Capitol, Sacramento, 1966<br \/>[\/et_pb_text][et_pb_text _builder_version=\"4.21.0\" _module_preset=\"default\" text_text_color=\"#FFFFFF\" text_font_size=\"20px\" text_line_height=\"1.6em\" header_4_text_color=\"#FFFFFF\" module_alignment=\"center\" custom_margin=\"||||false|false\" custom_padding=\"|10vh||5vh|false|false\" global_colors_info=\"{}\"]<\/p><p><span style=\"font-weight: 400;\">There, Padilla secured a grant in 1961 from the Bishops\u2019 Committee on Migratory Labor in Chicago to study housing conditions for local farmworkers. In March of 1962, Ch\u00e1vez resigned as director of CSO, moved to Delano, and in September, established the Farm Workers Association with Padilla and Dolores Huerta among the founding members and part of the key leadership<\/span><\/p><p>[\/et_pb_text][\/et_pb_column][\/et_pb_row][\/et_pb_section][et_pb_section fb_built=\"1\" _builder_version=\"4.21.0\" _module_preset=\"default\" global_colors_info=\"{}\"][et_pb_row column_structure=\"2_3,1_3\" _builder_version=\"4.21.0\" _module_preset=\"default\" custom_margin=\"auto||auto||true|false\" global_colors_info=\"{}\"][et_pb_column type=\"2_3\" _builder_version=\"4.21.0\" _module_preset=\"default\" global_colors_info=\"{}\"][et_pb_text _builder_version=\"4.21.0\" _module_preset=\"default\" text_font_size=\"20px\" text_line_height=\"1.6em\" global_colors_info=\"{}\"]<\/p><p><span style=\"font-weight: 400;\">For 25 years since he met Ch\u00e1vez, Padilla played an important role in the success of the UFW and the farmworker movement. He resigned from the UFW in 1980.<\/span><\/p><p>\u00a0<\/p><p>\u00a0<\/p><p>[\/et_pb_text][\/et_pb_column][et_pb_column type=\"1_3\" _builder_version=\"4.21.0\" _module_preset=\"default\" global_colors_info=\"{}\"][\/et_pb_column][\/et_pb_row][\/et_pb_section][et_pb_section fb_built=\"1\" _builder_version=\"4.21.0\" _module_preset=\"default\" background_image=\"http:\/\/farmworkermovement-csun.org\/wp-content\/uploads\/2023\/09\/Helen-Chavez-scaled.jpg\" background_position=\"top_center\" background_vertical_offset=\"29%\" min_height=\"70vh\" global_colors_info=\"{}\"][\/et_pb_section][et_pb_section fb_built=\"1\" _builder_version=\"4.21.0\" _module_preset=\"default\" min_height=\"336.8px\" global_colors_info=\"{}\"][et_pb_row column_structure=\"1_3,2_3\" _builder_version=\"4.21.0\" _module_preset=\"default\" custom_margin=\"auto||auto||true|false\" global_colors_info=\"{}\"][et_pb_column type=\"1_3\" _builder_version=\"4.21.0\" _module_preset=\"default\" global_colors_info=\"{}\"][et_pb_text _builder_version=\"4.21.0\" _module_preset=\"default\" global_colors_info=\"{}\"][\/et_pb_text][\/et_pb_column][et_pb_column type=\"2_3\" _builder_version=\"4.21.0\" _module_preset=\"default\" global_colors_info=\"{}\"][et_pb_text _builder_version=\"4.21.0\" _module_preset=\"default\" text_font_size=\"20px\" text_line_height=\"1.6em\" global_colors_info=\"{}\"]<span style=\"font-weight: 400;\">Helen worked in the fields for a year, and after that, she was able to find work full-time as the FWA bookkeeper for $50 a week. Later on, she became an accountant for the union, the administrator for the United Farm Workers Association\u2019s (UFWA) credit union, and the manager of some of its social service projects. She was the center of the union\u2019s financial operations.<\/span><br \/>[\/et_pb_text][\/et_pb_column][\/et_pb_row][\/et_pb_section][et_pb_section fb_built=\"1\" _builder_version=\"4.21.0\" _module_preset=\"default\" background_color=\"#D8D2C4\" global_module=\"70\" saved_tabs=\"all\" global_colors_info=\"{}\"][et_pb_row column_structure=\"1_4,1_4,1_4,1_4\" _builder_version=\"4.21.0\" _module_preset=\"default\" global_colors_info=\"{}\"][et_pb_column type=\"1_4\" _builder_version=\"4.21.0\" _module_preset=\"default\" global_colors_info=\"{}\"][et_pb_image src=\"http:\/\/farmworkermovement-csun.org\/wp-content\/uploads\/2023\/07\/footer_logos.png\" title_text=\"footer_logos\" url=\"https:\/\/www.csun.edu\/bradley-center\" url_new_window=\"on\" align=\"center\" _builder_version=\"4.21.0\" _module_preset=\"default\" global_colors_info=\"{}\"][\/et_pb_image][et_pb_image src=\"http:\/\/farmworkermovement-csun.org\/wp-content\/uploads\/2023\/07\/NEH-Preferred-Seal.png\" alt=\"NEH-Preferred-Seal-logo\" title_text=\"NEH-Preferred-Seal\" _builder_version=\"4.21.0\" _module_preset=\"default\" global_colors_info=\"{}\"][\/et_pb_image][\/et_pb_column][et_pb_column type=\"1_4\" _builder_version=\"4.21.0\" _module_preset=\"default\" global_colors_info=\"{}\"][et_pb_text _builder_version=\"4.21.0\" _module_preset=\"default\" global_colors_info=\"{}\"]<\/p><p><span class=\"fn org\" style=\"color: #000000;\">Tom & Ethel Bradley Center<br \/>\u00a9 California State University, Northridge<\/span><br \/><span class=\"street-address\" style=\"color: #000000;\">18111 Nordhoff Street, Northridge, CA 91330<\/span><br \/><span class=\"tel\">Phone:\u00a0<a class=\"value\" href=\"tel:+18186771200\">(818) 677-1200<\/a><\/span>\u00a0\/\u00a0<span class=\"contact-us\"><a href=\"https:\/\/www.csun.edu\/contact\">Contact Us<\/a><\/span><\/p><p>[\/et_pb_text][\/et_pb_column][et_pb_column type=\"1_4\" _builder_version=\"4.21.0\" _module_preset=\"default\" global_colors_info=\"{}\"][et_pb_text _builder_version=\"4.21.0\" _module_preset=\"default\" global_colors_info=\"{}\"]<\/p><p><a href=\"https:\/\/www.csun.edu\/emergency\/\">Emergency Information<\/a><\/p><p><a href=\"https:\/\/www.csun.edu\/afvp\/university-policies-procedures\/\">University Policies & Procedures<\/a><\/p><p><a href=\"https:\/\/www.csun.edu\/eqd\/title-ix-gender-equity-and-sexual-misconduct\">Title\u00a0<abbr title=\"nine\">IX<\/abbr><\/a><\/p><p>[\/et_pb_text][\/et_pb_column][et_pb_column type=\"1_4\" _builder_version=\"4.21.0\" _module_preset=\"default\" global_colors_info=\"{}\"][et_pb_text _builder_version=\"4.21.0\" _module_preset=\"default\" global_colors_info=\"{}\"]<\/p><p><a href=\"https:\/\/www.csun.edu\/sites\/default\/files\/900-12.pdf\">Terms and Conditions for Use<\/a><\/p><p><a href=\"https:\/\/www.csun.edu\/it\/privacy\">Privacy Policy<\/a><\/p><p><a href=\"https:\/\/www.csun.edu\/it\/document-viewers\">Document Reader<\/a><\/p><p>[\/et_pb_text][\/et_pb_column][\/et_pb_row][\/et_pb_section]<\/p>","_et_gb_content_width":"","om_disable_all_campaigns":false,"_monsterinsights_skip_tracking":false,"_monsterinsights_sitenote_active":false,"_monsterinsights_sitenote_note":"","_monsterinsights_sitenote_category":0,"_uf_show_specific_survey":0,"_uf_disable_surveys":false,"footnotes":""},"class_list":["post-1085","page","type-page","status-publish","hentry"],"aioseo_notices":[],"_links":{"self":[{"href":"https:\/\/farmworkermovement-csun.org\/es\/wp-json\/wp\/v2\/pages\/1085","targetHints":{"allow":["GET"]}}],"collection":[{"href":"https:\/\/farmworkermovement-csun.org\/es\/wp-json\/wp\/v2\/pages"}],"about":[{"href":"https:\/\/farmworkermovement-csun.org\/es\/wp-json\/wp\/v2\/types\/page"}],"author":[{"embeddable":true,"href":"https:\/\/farmworkermovement-csun.org\/es\/wp-json\/wp\/v2\/users\/1"}],"replies":[{"embeddable":true,"href":"https:\/\/farmworkermovement-csun.org\/es\/wp-json\/wp\/v2\/comments?post=1085"}],"version-history":[{"count":37,"href":"https:\/\/farmworkermovement-csun.org\/es\/wp-json\/wp\/v2\/pages\/1085\/revisions"}],"predecessor-version":[{"id":5839,"href":"https:\/\/farmworkermovement-csun.org\/es\/wp-json\/wp\/v2\/pages\/1085\/revisions\/5839"}],"wp:attachment":[{"href":"https:\/\/farmworkermovement-csun.org\/es\/wp-json\/wp\/v2\/media?parent=1085"}],"curies":[{"name":"wp","href":"https:\/\/api.w.org\/{rel}","templated":true}]}}