{"id":1638,"date":"2024-02-19T20:27:48","date_gmt":"2024-02-19T20:27:48","guid":{"rendered":"https:\/\/farmworkermovement-csun.org\/?page_id=1638"},"modified":"2024-05-02T22:21:45","modified_gmt":"2024-05-02T22:21:45","slug":"epifanio_camacho","status":"publish","type":"page","link":"https:\/\/farmworkermovement-csun.org\/es\/epifanio_camacho\/","title":{"rendered":"People: Epifanio Camacho"},"content":{"rendered":"<p>[et_pb_section fb_built=&#8221;1&#8243; disabled_on=&#8221;on|off|off&#8221; _builder_version=&#8221;4.21.0&#8243; _module_preset=&#8221;default&#8221; use_background_color_gradient=&#8221;on&#8221; background_color_gradient_direction=&#8221;360deg&#8221; background_color_gradient_stops=&#8221;#000000 0%|rgba(10,10,10,0) 65%&#8221; background_color_gradient_overlays_image=&#8221;on&#8221; background_image=&#8221;http:\/\/farmworkermovement-csun.org\/wp-content\/uploads\/2024\/01\/17.41.JK_.N35.B7.01.08.05A-scaled-e1707430346896.jpg&#8221; background_position=&#8221;top_center&#8221; background_vertical_offset=&#8221;52%&#8221; width=&#8221;100%&#8221; min_height=&#8221;39vh&#8221; custom_margin=&#8221;-2px|||||&#8221; custom_padding=&#8221;98px|0px|98px|0px|true|true&#8221; locked=&#8221;off&#8221; global_colors_info=&#8221;{}&#8221;][et_pb_row _builder_version=&#8221;4.21.0&#8243; _module_preset=&#8221;default&#8221; custom_padding=&#8221;85px|||||&#8221; global_colors_info=&#8221;{}&#8221;][et_pb_column type=&#8221;4_4&#8243; _builder_version=&#8221;4.17.4&#8243; _module_preset=&#8221;default&#8221; global_colors_info=&#8221;{}&#8221;][et_pb_text _builder_version=&#8221;4.21.0&#8243; _module_preset=&#8221;default&#8221; text_font=&#8221;Montserrat|700|||||||&#8221; header_font=&#8221;Montserrat|700|||||||&#8221; header_text_align=&#8221;center&#8221; header_text_color=&#8221;#FFFFFF&#8221; header_font_size=&#8221;76px&#8221; custom_margin=&#8221;||-16px|||&#8221; header_font_tablet=&#8221;Montserrat|700|||||||&#8221; header_font_phone=&#8221;Montserrat|700|||||||&#8221; header_font_last_edited=&#8221;on|desktop&#8221; global_colors_info=&#8221;{}&#8221;]<\/p>\n<h1 style=\"text-align: center;\"><span>Epifanio Camacho<\/span><\/h1>\n<p>[\/et_pb_text][\/et_pb_column][\/et_pb_row][\/et_pb_section][et_pb_section fb_built=&#8221;1&#8243; disabled_on=&#8221;off|on|on&#8221; _builder_version=&#8221;4.21.0&#8243; _module_preset=&#8221;default&#8221; use_background_color_gradient=&#8221;on&#8221; background_color_gradient_direction=&#8221;360deg&#8221; background_color_gradient_stops=&#8221;#000000 0%|rgba(10,10,10,0) 65%&#8221; background_color_gradient_overlays_image=&#8221;on&#8221; background_image=&#8221;http:\/\/farmworkermovement-csun.org\/wp-content\/uploads\/2024\/01\/17.41.JK_.N35.B7.01.08.05A-scaled-e1707430346896.jpg&#8221; background_position=&#8221;top_center&#8221; background_vertical_offset=&#8221;52%&#8221; width=&#8221;100%&#8221; min_height=&#8221;39vh&#8221; custom_margin=&#8221;-2px|||||&#8221; custom_padding=&#8221;98px|0px|98px|0px|true|true&#8221; locked=&#8221;off&#8221; global_colors_info=&#8221;{}&#8221;][et_pb_row _builder_version=&#8221;4.21.0&#8243; _module_preset=&#8221;default&#8221; custom_padding=&#8221;85px|||||&#8221; global_colors_info=&#8221;{}&#8221;][et_pb_column type=&#8221;4_4&#8243; _builder_version=&#8221;4.17.4&#8243; _module_preset=&#8221;default&#8221; global_colors_info=&#8221;{}&#8221;][et_pb_text _builder_version=&#8221;4.21.0&#8243; _module_preset=&#8221;default&#8221; text_font=&#8221;Montserrat|700|||||||&#8221; header_font=&#8221;|700|||||||&#8221; header_text_align=&#8221;center&#8221; header_text_color=&#8221;#FFFFFF&#8221; header_font_size=&#8221;40px&#8221; text_orientation=&#8221;center&#8221; custom_margin=&#8221;||-16px|||&#8221; header_font_tablet=&#8221;Roboto Slab|700|||||||&#8221; header_font_phone=&#8221;Montserrat|700|||||||&#8221; header_font_last_edited=&#8221;on|desktop&#8221; global_colors_info=&#8221;{}&#8221;]<\/p>\n<h1 style=\"text-align: center;\"><span>Epifanio Camacho<\/span><\/h1>\n<p>[\/et_pb_text][\/et_pb_column][\/et_pb_row][\/et_pb_section][et_pb_section fb_built=&#8221;1&#8243; _builder_version=&#8221;4.21.0&#8243; _module_preset=&#8221;default&#8221; global_colors_info=&#8221;{}&#8221;][et_pb_row column_structure=&#8221;1_3,2_3&#8243; _builder_version=&#8221;4.21.0&#8243; _module_preset=&#8221;default&#8221; custom_padding=&#8221;12px||0px|||&#8221; global_colors_info=&#8221;{}&#8221;][et_pb_column type=&#8221;1_3&#8243; _builder_version=&#8221;4.21.0&#8243; _module_preset=&#8221;default&#8221; global_colors_info=&#8221;{}&#8221;][et_pb_text _builder_version=&#8221;4.21.0&#8243; _module_preset=&#8221;default&#8221; link_option_url=&#8221;https:\/\/cdm17169.contentdm.oclc.org\/digital\/collection\/FMC\/id\/2444&#8243; link_option_url_new_window=&#8221;on&#8221; global_colors_info=&#8221;{}&#8221;]<\/p>\n<p><span style=\"color: #808080;\"><em>Epifanio Camacho speaks to a crowd in front of the State Capitol at the end of the march to Sacramento, April 10, 1966. Photo by Emmon Clarke.<\/em><\/span><\/p>\n<p>[\/et_pb_text][\/et_pb_column][et_pb_column type=&#8221;2_3&#8243; _builder_version=&#8221;4.21.0&#8243; _module_preset=&#8221;default&#8221; global_colors_info=&#8221;{}&#8221;][et_pb_text _builder_version=&#8221;4.21.0&#8243; _module_preset=&#8221;default&#8221; text_font_size=&#8221;20px&#8221; text_line_height=&#8221;1.6em&#8221; global_colors_info=&#8221;{}&#8221;]<\/p>\n<p><span style=\"font-weight: 400;\">Epifanio Camacho was one of the first organizers of the National Farm Workers Association (NFWA). He was born on a small ranch in Tamaulipas in rural Mexico during the 1920s, and on June 6, 1955, he crossed the border legally and worked in fields picking cotton in Texas and Arizona\u2014loading lettuce alongside the bracero workers in the Imperial Valley; picking fruit up and down California including wine grapes in Delano and grafting roses in McFarland. Camacho saw he and others were being cheated of their wages. He attempted to demand back his wages and even brought up the issue to the state labor commissioner in Bakersfield. Konklyn Nursery offered to tip Camacho, who refused; the commissioner declared Camacho ungrateful and closed the hearing.<\/span><\/p>\n<p>[\/et_pb_text][\/et_pb_column][\/et_pb_row][\/et_pb_section][et_pb_section fb_built=&#8221;1&#8243; _builder_version=&#8221;4.21.0&#8243; _module_preset=&#8221;default&#8221; background_image=&#8221;http:\/\/farmworkermovement-csun.org\/wp-content\/uploads\/2024\/01\/17.41.JK_.N35.B7.05.07.08-scaled-e1707430382799.jpg&#8221; background_position=&#8221;top_center&#8221; background_vertical_offset=&#8221;27%&#8221; min_height=&#8221;75vh&#8221; link_option_url=&#8221;https:\/\/cdm17169.contentdm.oclc.org\/digital\/collection\/FMC\/id\/2863&#8243; link_option_url_new_window=&#8221;on&#8221; global_colors_info=&#8221;{}&#8221;][\/et_pb_section][et_pb_section fb_built=&#8221;1&#8243; module_id=&#8221;section-english&#8221; _builder_version=&#8221;4.21.0&#8243; _module_preset=&#8221;default&#8221; min_height=&#8221;336.8px&#8221; global_colors_info=&#8221;{}&#8221;][et_pb_row column_structure=&#8221;1_3,2_3&#8243; _builder_version=&#8221;4.21.0&#8243; _module_preset=&#8221;default&#8221; custom_margin=&#8221;auto||auto||true|false&#8221; global_colors_info=&#8221;{}&#8221;][et_pb_column type=&#8221;1_3&#8243; _builder_version=&#8221;4.21.0&#8243; _module_preset=&#8221;default&#8221; global_colors_info=&#8221;{}&#8221;][et_pb_text _builder_version=&#8221;4.21.0&#8243; _module_preset=&#8221;default&#8221; hover_enabled=&#8221;0&#8243; global_colors_info=&#8221;{}&#8221; link_option_url_new_window=&#8221;on&#8221; link_option_url=&#8221;https:\/\/cdm17169.contentdm.oclc.org\/digital\/collection\/FMC\/id\/2863&#8243; sticky_enabled=&#8221;0&#8243;]<\/p>\n<p><span style=\"color: #808080;\"><em>Epifanio Camacho stands on the road with a billboard in the distance during the march to Sacramento, 1966. Photo by Emmon Clarke.<\/em><\/span><\/p>\n<p>[\/et_pb_text][\/et_pb_column][et_pb_column type=&#8221;2_3&#8243; _builder_version=&#8221;4.21.0&#8243; _module_preset=&#8221;default&#8221; global_colors_info=&#8221;{}&#8221;][et_pb_text _builder_version=&#8221;4.21.0&#8243; _module_preset=&#8221;default&#8221; text_font_size=&#8221;20px&#8221; text_line_height=&#8221;1.6em&#8221; global_colors_info=&#8221;{}&#8221;]<\/p>\n<p><span style=\"font-weight: 400;\">In 1965, Manuel Rivera reached out and told him about Ces\u00e1r Ch\u00e1vez. Camacho immediately joined the NFWA and suggested a strike at first, but Ch\u00e1vez was hesitant, explaining that the association was focused on building its membership first. Ch\u00e1vez told Camacho to gather more grafters to listen to their stories. At the second meeting, Camacho focused on one company, Mount Arbor, and 30 grafters showed up where they decided they wanted to strike. Ch\u00e1vez did not oppose their view and the NFWA prepared for its first strike. The grafters agreed on their wage demand, that they wanted a contract, and that the NFWA would represent them in negotiations with the company. The strike lasted three days. The rose grafters won a wage hike but not a contract. Within a couple of weeks, the other rose companies also raised their wages, as they were afraid to lose their best grafters to Mount Arbor.<\/span><\/p>\n<p>[\/et_pb_text][\/et_pb_column][\/et_pb_row][\/et_pb_section][et_pb_section fb_built=&#8221;1&#8243; _builder_version=&#8221;4.21.0&#8243; _module_preset=&#8221;default&#8221; background_color=&#8221;#D22030&#8243; locked=&#8221;off&#8221; global_colors_info=&#8221;{}&#8221;][et_pb_row column_structure=&#8221;2_5,3_5&#8243; _builder_version=&#8221;4.21.0&#8243; _module_preset=&#8221;default&#8221; background_color=&#8221;#D22030&#8243; width=&#8221;100%&#8221; max_width=&#8221;100%&#8221; global_colors_info=&#8221;{}&#8221;][et_pb_column type=&#8221;2_5&#8243; _builder_version=&#8221;4.21.0&#8243; _module_preset=&#8221;default&#8221; global_colors_info=&#8221;{}&#8221;][et_pb_image src=&#8221;http:\/\/farmworkermovement-csun.org\/wp-content\/uploads\/2024\/01\/FMC_2442_full.jpg&#8221; alt=&#8221;NFWA member Epifanio Camacho stands in front of the State Capitol on the last day of the march. He is wearing a sombrero with the black eagle, symbol of the farmworker movement and struggle. NFWA leader Gilbert Padilla is standing next to him, to the left, and Al Krebs, a reporter with the Religious News Service is also visible in the background wearing sunglasses. Larry Itliong, AWOC leader, is on the left with a hat and sunglasses. At the rally in front of the State Capitol, the 57 farm workers who had walked the entire way from Delano, were sitting on the stage. The NFWA speakers were Epifanio Camacho, Dolores Huerta, August\u00edn Lira, and C\u00e9sar Ch\u00e1vez, with Gilbert Padilla introducing them. A strong coalition was on display, with Catholic, Protestant, and Jewish leaders pledging their support to the NFWA and with officials belonging to competing unions, Bill Kircher and Louis Goldblatt (ILWU), Jack Goldberger (Teamsters), and Paul Schrade (UAW), addressed the crowd. The speeches were interrupted by the supporters in the audience chanting the NFWA anthem song, De Colores.<\/p>\n<p>Epifanio Camacho, miembro de NFWA, se para frente al capitolio estatal el \u00faltimo d\u00eda de la marcha. Lleva un sombrero con el \u00e1guila negra, s\u00edmbolo del movimiento y la lucha de los trabajadores del campo. El l\u00edder de NFWA, Gilbert Padilla, est\u00e1 de pie junto a \u00e9l, a la izquierda, y Al Krebs, un reportero del Servicio de Noticias Religiosas, tambi\u00e9n se ve en el fondo con gafas de sol. Larry Itliong, l\u00edder de AWOC, est\u00e1 a la izquierda con sombrero y anteojos de sol. En la manifestaci\u00f3n frente al capitolio estatal, los 57 campesinos que hab\u00edan caminado todo el camino desde Delano estaban sentados en el escenario. Los oradores de NFWA fueron Epifanio Camacho, Dolores Huerta, Agust\u00edn Lira y C\u00e9sar Ch\u00e1vez, con Gilbert Padilla present\u00e1ndolos. Se mostr\u00f3 una fuerte coalici\u00f3n, con l\u00edderes cat\u00f3licos, protestantes y jud\u00edos que prometieron su apoyo a NFWA y con oficiales de sindicatos en competencia, Bill Kircher y Louis Goldblatt (ILWU), Jack Goldberger (Teamsters) y Paul Schrade (UAW), se dirigieron a la multitud. Los discursos fueron interrumpidos por los simpatizantes en la audiencia cantando el himno de NFWA: De Colores.&#8221; title_text=&#8221;Epifanio Camacho, Gilbert Padilla, Larry Itliong, and Al Krebs standing in front of the State Capitol, Sacramento, 1966&#8243; url=&#8221;https:\/\/cdm17169.contentdm.oclc.org\/digital\/collection\/FMC\/id\/2442&#8243; url_new_window=&#8221;on&#8221; _builder_version=&#8221;4.21.0&#8243; _module_preset=&#8221;default&#8221; global_colors_info=&#8221;{}&#8221;][\/et_pb_image][\/et_pb_column][et_pb_column type=&#8221;3_5&#8243; _builder_version=&#8221;4.21.0&#8243; _module_preset=&#8221;default&#8221; global_colors_info=&#8221;{}&#8221;][et_pb_text _builder_version=&#8221;4.21.0&#8243; _module_preset=&#8221;default&#8221; text_text_color=&#8221;#FFFFFF&#8221; text_font_size=&#8221;40px&#8221; text_line_height=&#8221;1.2em&#8221; custom_margin=&#8221;0vh||||false|false&#8221; custom_padding=&#8221;|10vh||5vh|false|false&#8221; global_colors_info=&#8221;{}&#8221;]<\/p>\n<p>Epifanio Camacho, Gilbert Padilla, Larry Itliong, and Al Krebs standing in front of the State Capitol, Sacramento, 1966<\/p>\n<p>[\/et_pb_text][et_pb_text _builder_version=&#8221;4.21.0&#8243; _module_preset=&#8221;default&#8221; text_text_color=&#8221;#FFFFFF&#8221; text_font_size=&#8221;20px&#8221; text_line_height=&#8221;1.6em&#8221; header_4_text_color=&#8221;#FFFFFF&#8221; module_alignment=&#8221;center&#8221; custom_margin=&#8221;||||false|false&#8221; custom_padding=&#8221;|10vh|25px|5vh|false|false&#8221; global_colors_info=&#8221;{}&#8221;]<\/p>\n<p>NFWA member Epifanio Camacho stands in front of the State Capitol on the last day of the march. He is wearing a sombrero with the black eagle, symbol of the farmworker movement and struggle. NFWA leader Gilbert Padilla is standing next to him, to the left, and Al Krebs, a reporter with the Religious News Service is also visible in the background wearing sunglasses. Larry Itliong, AWOC leader, is on the left with a hat and sunglasses. At the rally in front of the State Capitol, the 57 farm workers who had walked the entire way from Delano, were sitting on the stage. The NFWA speakers were Epifanio Camacho, Dolores Huerta, August\u00edn Lira, and C\u00e9sar Ch\u00e1vez, with Gilbert Padilla introducing them. A strong coalition was on display, with Catholic, Protestant, and Jewish leaders pledging their support to the NFWA and with officials belonging to competing unions, Bill Kircher and Louis Goldblatt (ILWU), Jack Goldberger (Teamsters), and Paul Schrade (UAW), addressed the crowd. The speeches were interrupted by the supporters in the audience chanting the NFWA anthem song, De Colores.<\/p>\n<p>[\/et_pb_text][\/et_pb_column][\/et_pb_row][\/et_pb_section][et_pb_section fb_built=&#8221;1&#8243; _builder_version=&#8221;4.21.0&#8243; _module_preset=&#8221;default&#8221; global_colors_info=&#8221;{}&#8221;][et_pb_row column_structure=&#8221;2_3,1_3&#8243; _builder_version=&#8221;4.21.0&#8243; _module_preset=&#8221;default&#8221; custom_margin=&#8221;auto||auto||true|false&#8221; global_colors_info=&#8221;{}&#8221;][et_pb_column type=&#8221;2_3&#8243; _builder_version=&#8221;4.21.0&#8243; _module_preset=&#8221;default&#8221; global_colors_info=&#8221;{}&#8221;][et_pb_text _builder_version=&#8221;4.21.0&#8243; _module_preset=&#8221;default&#8221; text_font_size=&#8221;20px&#8221; text_line_height=&#8221;1.6em&#8221; global_colors_info=&#8221;{}&#8221;]<\/p>\n<p><span style=\"font-weight: 400;\">Camacho was a fiery orator, and he delivered a memorable speech on Sept. 16, 1965, in support of joining the grape strike of Filipino workers. In the years following the strike, Camacho, and Ch\u00e1vez were at odds; he disagreed with Ch\u00e1vez\u2019s no-violence philosophy and his political and religious affiliations. Camacho was arrested multiple times for defending the farmworkers on the picket line and his outbursts caused a deeper rift between him and Ch\u00e1vez, who ousted him.<\/span><\/p>\n<p>[\/et_pb_text][\/et_pb_column][et_pb_column type=&#8221;1_3&#8243; _builder_version=&#8221;4.21.0&#8243; _module_preset=&#8221;default&#8221; global_colors_info=&#8221;{}&#8221;][\/et_pb_column][\/et_pb_row][\/et_pb_section][et_pb_section fb_built=&#8221;1&#8243; _builder_version=&#8221;4.21.0&#8243; _module_preset=&#8221;default&#8221; background_image=&#8221;http:\/\/farmworkermovement-csun.org\/wp-content\/uploads\/2024\/01\/FMC_228_full.jpg&#8221; background_position=&#8221;top_center&#8221; background_vertical_offset=&#8221;51%&#8221; min_height=&#8221;70vh&#8221; link_option_url=&#8221;https:\/\/cdm17169.contentdm.oclc.org\/digital\/collection\/FMC\/id\/228&#8243; link_option_url_new_window=&#8221;on&#8221; global_colors_info=&#8221;{}&#8221;][\/et_pb_section][et_pb_section fb_built=&#8221;1&#8243; _builder_version=&#8221;4.21.0&#8243; _module_preset=&#8221;default&#8221; min_height=&#8221;336.8px&#8221; global_colors_info=&#8221;{}&#8221;][et_pb_row column_structure=&#8221;1_3,2_3&#8243; _builder_version=&#8221;4.21.0&#8243; _module_preset=&#8221;default&#8221; custom_margin=&#8221;auto||auto||true|false&#8221; global_colors_info=&#8221;{}&#8221;][et_pb_column type=&#8221;1_3&#8243; _builder_version=&#8221;4.21.0&#8243; _module_preset=&#8221;default&#8221; global_colors_info=&#8221;{}&#8221;][et_pb_text _builder_version=&#8221;4.21.0&#8243; _module_preset=&#8221;default&#8221; hover_enabled=&#8221;0&#8243; global_colors_info=&#8221;{}&#8221; link_option_url_new_window=&#8221;on&#8221; link_option_url=&#8221;https:\/\/cdm17169.contentdm.oclc.org\/digital\/collection\/FMC\/id\/228&#8243; sticky_enabled=&#8221;0&#8243;]<\/p>\n<p><span style=\"color: #808080;\"><em>Epifanio Camacho and Eliseo Medina picketing at a Perelli-Minetti vineyard, Delano, ca. 1966. Photo by Emmon Clarke.<\/em><\/span><\/p>\n<p>[\/et_pb_text][\/et_pb_column][et_pb_column type=&#8221;2_3&#8243; _builder_version=&#8221;4.21.0&#8243; _module_preset=&#8221;default&#8221; global_colors_info=&#8221;{}&#8221;][et_pb_text _builder_version=&#8221;4.21.0&#8243; _module_preset=&#8221;default&#8221; text_font_size=&#8221;20px&#8221; text_line_height=&#8221;1.6em&#8221; global_colors_info=&#8221;{}&#8221;]<\/p>\n<p><span style=\"font-weight: 400;\">Their relationship became strained when Ch\u00e1vez declared himself an anti-communist in 1968 and condemned all other farmworkers who identified as communists. At the time, Camacho also declared himself an anti-communist, but the ideas of working-class struggle were starting to sow inside. In 1974, the Progressive Labor Party reached out to him. It was Camacho\u2019s relationship with this party that divided him from Ch\u00e1vez and the union, though he was not alone since the party newspaper, <\/span><i><span style=\"font-weight: 400;\">Challenge\/Desaf\u00edo<\/span><\/i><span style=\"font-weight: 400;\"> did attract a number of farmworkers to its ideas.<\/span><\/p>\n<p>[\/et_pb_text][\/et_pb_column][\/et_pb_row][\/et_pb_section][et_pb_section fb_built=&#8221;1&#8243; _builder_version=&#8221;4.21.0&#8243; _module_preset=&#8221;default&#8221; background_color=&#8221;#D8D2C4&#8243; min_height=&#8221;530px&#8221; custom_margin=&#8221;-1px|||||&#8221; custom_padding=&#8221;0px|||||&#8221; global_module=&#8221;70&#8243; saved_tabs=&#8221;all&#8221; locked=&#8221;off&#8221; global_colors_info=&#8221;{}&#8221;][et_pb_row column_structure=&#8221;1_4,1_4,1_4,1_4&#8243; _builder_version=&#8221;4.21.0&#8243; _module_preset=&#8221;default&#8221; global_colors_info=&#8221;{}&#8221;][et_pb_column type=&#8221;1_4&#8243; _builder_version=&#8221;4.21.0&#8243; _module_preset=&#8221;default&#8221; global_colors_info=&#8221;{}&#8221;][et_pb_image src=&#8221;http:\/\/farmworkermovement-csun.org\/wp-content\/uploads\/2023\/07\/footer_logos.png&#8221; title_text=&#8221;footer_logos&#8221; url=&#8221;https:\/\/www.csun.edu\/bradley-center&#8221; url_new_window=&#8221;on&#8221; align=&#8221;center&#8221; _builder_version=&#8221;4.21.0&#8243; _module_preset=&#8221;default&#8221; global_colors_info=&#8221;{}&#8221;][\/et_pb_image][et_pb_image src=&#8221;http:\/\/farmworkermovement-csun.org\/wp-content\/uploads\/2023\/07\/NEH-Preferred-Seal.png&#8221; alt=&#8221;NEH-Preferred-Seal-logo&#8221; title_text=&#8221;NEH-Preferred-Seal&#8221; _builder_version=&#8221;4.21.0&#8243; _module_preset=&#8221;default&#8221; global_colors_info=&#8221;{}&#8221;][\/et_pb_image][\/et_pb_column][et_pb_column type=&#8221;1_4&#8243; _builder_version=&#8221;4.21.0&#8243; _module_preset=&#8221;default&#8221; global_colors_info=&#8221;{}&#8221;][et_pb_text _builder_version=&#8221;4.21.0&#8243; _module_preset=&#8221;default&#8221; global_colors_info=&#8221;{}&#8221;]<\/p>\n<p><span class=\"fn org\" style=\"color: #000000;\">Tom &amp; Ethel Bradley Center<br \/>California State University, Northridge<\/span><br \/><span class=\"street-address\" style=\"color: #000000;\">18111 Nordhoff Street, Northridge, CA 91330<\/span><br \/><span class=\"tel\">Phone:\u00a0<a class=\"value\" href=\"tel:+18186771200\">(818) 677-1200<\/a><\/span>\u00a0\/\u00a0<span class=\"contact-us\"><a href=\"https:\/\/www.csun.edu\/contact\">Contact Us<\/a><\/span><\/p>\n<p>[\/et_pb_text][\/et_pb_column][et_pb_column type=&#8221;1_4&#8243; _builder_version=&#8221;4.21.0&#8243; _module_preset=&#8221;default&#8221; global_colors_info=&#8221;{}&#8221;][et_pb_text _builder_version=&#8221;4.21.0&#8243; _module_preset=&#8221;default&#8221; global_colors_info=&#8221;{}&#8221;]<\/p>\n<p><a href=\"https:\/\/www.csun.edu\/emergency\/\">Emergency Information<\/a><\/p>\n<p><a href=\"https:\/\/www.csun.edu\/afvp\/university-policies-procedures\/\">University Policies &amp; Procedures<\/a><\/p>\n<p><a href=\"https:\/\/www.csun.edu\/eqd\/title-ix-gender-equity-and-sexual-misconduct\">Title<span>\u00a0<\/span><abbr title=\"nine\">IX<\/abbr><\/a><\/p>\n<p>[\/et_pb_text][\/et_pb_column][et_pb_column type=&#8221;1_4&#8243; _builder_version=&#8221;4.21.0&#8243; _module_preset=&#8221;default&#8221; global_colors_info=&#8221;{}&#8221;][et_pb_text _builder_version=&#8221;4.21.0&#8243; _module_preset=&#8221;default&#8221; global_colors_info=&#8221;{}&#8221;]<\/p>\n<p><a href=\"https:\/\/www.csun.edu\/sites\/default\/files\/900-12.pdf\">Terms and Conditions for Use<\/a><\/p>\n<p><a href=\"https:\/\/www.csun.edu\/it\/privacy\">Privacy Policy<\/a><\/p>\n<p><a href=\"https:\/\/www.csun.edu\/it\/document-viewers\">Document Reader<\/a><\/p>\n<p>[\/et_pb_text][\/et_pb_column][\/et_pb_row][\/et_pb_section]<\/p>\n","protected":false},"excerpt":{"rendered":"<p>Epifanio CamachoEpifanio CamachoEpifanio Camacho speaks to a crowd in front of the State Capitol at the end of the march to Sacramento, April 10, 1966. Photo by Emmon Clarke.Epifanio Camacho was one of the first organizers of the National Farm Workers Association (NFWA). He was born on a small ranch in Tamaulipas in rural Mexico [&hellip;]<\/p>\n","protected":false},"author":1,"featured_media":0,"parent":0,"menu_order":0,"comment_status":"closed","ping_status":"closed","template":"","meta":{"_et_pb_use_builder":"on","_et_pb_old_content":"<p>[et_pb_section fb_built=\"1\" disabled_on=\"on|off|off\" _builder_version=\"4.21.0\" _module_preset=\"default\" use_background_color_gradient=\"on\" background_color_gradient_direction=\"360deg\" background_color_gradient_stops=\"#000000 0%|rgba(10,10,10,0) 65%\" background_color_gradient_overlays_image=\"on\" background_image=\"http:\/\/farmworkermovement-csun.org\/wp-content\/uploads\/2023\/09\/Cesar-Chavez-and-Helen-Chavez-standing-in-front-of-the-State-Capitol-Sacramento-1966.jpg\" background_position=\"top_center\" background_vertical_offset=\"28%\" width=\"100%\" min_height=\"39vh\" custom_margin=\"-2px|||||\" custom_padding=\"98px|0px|98px|0px|true|true\" locked=\"off\" global_colors_info=\"{}\"][et_pb_row _builder_version=\"4.21.0\" _module_preset=\"default\" custom_padding=\"85px|||||\" global_colors_info=\"{}\"][et_pb_column type=\"4_4\" _builder_version=\"4.17.4\" _module_preset=\"default\" global_colors_info=\"{}\"][et_pb_text _builder_version=\"4.21.0\" _module_preset=\"default\" text_font=\"Montserrat|700|||||||\" header_font=\"Montserrat|700|||||||\" header_text_align=\"center\" header_text_color=\"#FFFFFF\" header_font_size=\"76px\" custom_margin=\"||-16px|||\" header_font_tablet=\"Montserrat|700|||||||\" header_font_phone=\"Montserrat|700|||||||\" header_font_last_edited=\"on|desktop\" global_colors_info=\"{}\"]<\/p><h1 style=\"text-align: center;\">Helen Fabela Ch\u00e1vez<\/h1><p>[\/et_pb_text][\/et_pb_column][\/et_pb_row][\/et_pb_section][et_pb_section fb_built=\"1\" disabled_on=\"off|on|on\" _builder_version=\"4.21.0\" _module_preset=\"default\" use_background_color_gradient=\"on\" background_color_gradient_direction=\"360deg\" background_color_gradient_stops=\"#000000 0%|rgba(10,10,10,0) 65%\" background_color_gradient_overlays_image=\"on\" background_image=\"http:\/\/farmworkermovement-csun.org\/wp-content\/uploads\/2023\/08\/96.01.EC_.N35.B1.17.01.28A.jpg\" background_position=\"top_center\" background_vertical_offset=\"13%\" width=\"100%\" min_height=\"39vh\" custom_margin=\"-2px|||||\" custom_padding=\"98px|0px|98px|0px|true|true\" locked=\"off\" global_colors_info=\"{}\"][et_pb_row _builder_version=\"4.21.0\" _module_preset=\"default\" custom_padding=\"85px|||||\" global_colors_info=\"{}\"][et_pb_column type=\"4_4\" _builder_version=\"4.17.4\" _module_preset=\"default\" global_colors_info=\"{}\"][et_pb_text _builder_version=\"4.21.0\" _module_preset=\"default\" text_font=\"Montserrat|700|||||||\" header_font=\"|700|||||||\" header_text_align=\"center\" header_text_color=\"#FFFFFF\" header_font_size=\"40px\" text_orientation=\"center\" custom_margin=\"||-16px|||\" header_font_tablet=\"Roboto Slab|700|||||||\" header_font_phone=\"Montserrat|700|||||||\" header_font_last_edited=\"on|desktop\" global_colors_info=\"{}\"]<\/p><h1 style=\"text-align: center;\">Helen Fabela Ch\u00e1vez<\/h1><p>[\/et_pb_text][\/et_pb_column][\/et_pb_row][\/et_pb_section][et_pb_section fb_built=\"1\" _builder_version=\"4.21.0\" _module_preset=\"default\" global_colors_info=\"{}\"][et_pb_row _builder_version=\"4.21.0\" _module_preset=\"default\" custom_margin=\"auto|auto|auto|auto|true|false\" global_colors_info=\"{}\"][et_pb_column type=\"4_4\" _builder_version=\"4.21.0\" _module_preset=\"default\" global_colors_info=\"{}\"][et_pb_text _builder_version=\"4.21.0\" _module_preset=\"default\" text_font=\"Montserrat|500||on|||||\" text_text_color=\"#D22030\" text_font_size=\"24px\" text_line_height=\"1.6em\" text_orientation=\"center\" width=\"60%\" module_alignment=\"center\" custom_padding=\"0px||||false|false\" global_colors_info=\"{}\"]<\/p><p style=\"text-align: center;\">\u201cLorem ipsum dolor sit amet, consectetur adipiscing elit. Aenean finibus sapien non neque venenatis rhoncus.\u201d<\/p><p>[\/et_pb_text][\/et_pb_column][\/et_pb_row][\/et_pb_section][et_pb_section fb_built=\"1\" _builder_version=\"4.21.0\" _module_preset=\"default\" global_colors_info=\"{}\"][et_pb_row column_structure=\"1_3,2_3\" _builder_version=\"4.21.0\" _module_preset=\"default\" custom_padding=\"12px||0px|||\" global_colors_info=\"{}\"][et_pb_column type=\"1_3\" _builder_version=\"4.21.0\" _module_preset=\"default\" global_colors_info=\"{}\"][et_pb_text _builder_version=\"4.21.0\" _module_preset=\"default\" text_font=\"Montserrat|500||on|||||\" text_font_size=\"22px\" text_line_height=\"1.6em\" global_colors_info=\"{}\"]<\/p><p style=\"text-align: left;\">one of the founders of the United Farm Workers (UFW)<\/p><p>[\/et_pb_text][\/et_pb_column][et_pb_column type=\"2_3\" _builder_version=\"4.21.0\" _module_preset=\"default\" global_colors_info=\"{}\"][et_pb_text _builder_version=\"4.21.0\" _module_preset=\"default\" text_font_size=\"20px\" text_line_height=\"1.6em\" global_colors_info=\"{}\"]<span style=\"font-weight: 400;\">Helen Fabela Ch\u00e1vez was one of the FWA cofounders. She was born in 1928 in Brawley, California, to Mexican parents that immigrated to the United States in the mass immigration of the 1920s to work as migrant laborers in the San Joaquin Valley. The second of five children, Helen started working in the fields when she was only seven, picking up cotton and grapes together with her mother. Her father died when she was 12, and three years later she and her older sister Teresa quit Delano High School to work full-time and support their mother, their sister Petra, and their four brothers. That same year, 1943, she met Cesar Ch\u00e1vez.<\/span><br \/>[\/et_pb_text][et_pb_button button_text=\"Espa\u00f1ol\" button_alignment=\"right\" module_id=\"my-button\" _builder_version=\"4.21.0\" _module_preset=\"default\" global_colors_info=\"{}\"][\/et_pb_button][\/et_pb_column][\/et_pb_row][\/et_pb_section][et_pb_section fb_built=\"1\" _builder_version=\"4.21.0\" _module_preset=\"default\" background_image=\"http:\/\/farmworkermovement-csun.org\/wp-content\/uploads\/2023\/09\/Bonnie-Chatfield-Gilbert-Padilla-Helen-Chavez-and-Jessica-Govea-working-at-the-Farm-Worker-Service-Center-Delano-ca.-1966.jpg\" background_position=\"top_center\" background_vertical_offset=\"22%\" min_height=\"75vh\" global_colors_info=\"{}\"][\/et_pb_section][et_pb_section fb_built=\"1\" module_id=\"section-english\" _builder_version=\"4.21.0\" _module_preset=\"default\" min_height=\"336.8px\" global_colors_info=\"{}\"][et_pb_row column_structure=\"1_3,2_3\" _builder_version=\"4.21.0\" _module_preset=\"default\" custom_margin=\"auto||auto||true|false\" global_colors_info=\"{}\"][et_pb_column type=\"1_3\" _builder_version=\"4.21.0\" _module_preset=\"default\" global_colors_info=\"{}\"][et_pb_text _builder_version=\"4.21.0\" _module_preset=\"default\" global_colors_info=\"{}\"][\/et_pb_text][\/et_pb_column][et_pb_column type=\"2_3\" _builder_version=\"4.21.0\" _module_preset=\"default\" global_colors_info=\"{}\"][et_pb_text _builder_version=\"4.21.0\" _module_preset=\"default\" text_font_size=\"20px\" text_line_height=\"1.6em\" global_colors_info=\"{}\"]<span style=\"font-weight: 400;\">Helen and Cesar married a few years later in 1948 and moved first into a house in Delano, where they picked strawberries in Greenfield, in Crescent City, and finally in San Jose, where they met Fred Ross, founder of the grassroots Latino civil rights group Community Service Organization (CSO). Cesar started working for the CSO shortly thereafter. During this time Helen kept busy being the primary caretaker of their eight children. When Cesar resigned from the CSO in 1962 and stopped receiving a salary, Helen, 34 years old at the time, went back to working in the fields part-time, picking grapes and assembling cardboard boxes at a local factory.<\/span><br \/>[\/et_pb_text][\/et_pb_column][\/et_pb_row][\/et_pb_section][et_pb_section fb_built=\"1\" _builder_version=\"4.21.0\" _module_preset=\"default\" background_color=\"#D22030\" locked=\"off\" global_colors_info=\"{}\"][et_pb_row column_structure=\"2_5,3_5\" _builder_version=\"4.21.0\" _module_preset=\"default\" background_color=\"#D22030\" width=\"100%\" max_width=\"100%\" global_colors_info=\"{}\"][et_pb_column type=\"2_5\" _builder_version=\"4.21.0\" _module_preset=\"default\" global_colors_info=\"{}\"][et_pb_image src=\"http:\/\/farmworkermovement-csun.org\/wp-content\/uploads\/2023\/09\/Cesar-Chavez-and-Helen-Chavez-standing-in-front-of-the-State-Capitol-Sacramento-1966.jpg\" alt=\"C\u00e9sar Ch\u00e1vez and H\u00e9len Ch\u00e1vez are standing in front of State Capitol on the last day of the march from Delano to Sacramento. C\u00e9sar Ch\u00e1vez briefly addressed the crowd that day. \u201cIt is well to remember that in defeat there must be courage, but also that in victory, there must be humility,\u201d Chavez said. He then thanked the organizations offered support and the farmworkers who went on strike. At the end of his talk he personally thanked Helen Ch\u00e1vez. \u201cAnd I want to introduce to you someone, when we started organizing four years ago, in fact one of the very few people that thought that this could be done, my wife, Helen.%22\" title_text=\"C\u00e9sar Ch\u00e1vez and H\u00e9len Ch\u00e1vez standing in front of the State Capitol, Sacramento, 1966\" _builder_version=\"4.21.0\" _module_preset=\"default\" global_colors_info=\"{}\"][\/et_pb_image][\/et_pb_column][et_pb_column type=\"3_5\" _builder_version=\"4.21.0\" _module_preset=\"default\" global_colors_info=\"{}\"][et_pb_text _builder_version=\"4.21.0\" _module_preset=\"default\" text_text_color=\"#FFFFFF\" text_font_size=\"40px\" text_line_height=\"1.2em\" custom_margin=\"15vh||||false|false\" custom_padding=\"|10vh||5vh|false|false\" global_colors_info=\"{}\"]C\u00e9sar Ch\u00e1vez and H\u00e9len Ch\u00e1vez standing in front of the State Capitol, Sacramento, 1966<br \/>[\/et_pb_text][et_pb_text _builder_version=\"4.21.0\" _module_preset=\"default\" text_text_color=\"#FFFFFF\" text_font_size=\"20px\" text_line_height=\"1.6em\" header_4_text_color=\"#FFFFFF\" module_alignment=\"center\" custom_margin=\"||||false|false\" custom_padding=\"|10vh||5vh|false|false\" global_colors_info=\"{}\"]C\u00e9sar Ch\u00e1vez and H\u00e9len Ch\u00e1vez are standing in front of State Capitol on the last day of the march from Delano to Sacramento. C\u00e9sar Ch\u00e1vez briefly addressed the crowd that day. \u201cIt is well to remember that in defeat there must be courage, but also that in victory, there must be humility,\u201d Chavez said. He then thanked the organizations offered support and the farmworkers who went on strike. At the end of his talk he personally thanked Helen Ch\u00e1vez. \u201cAnd I want to introduce to you someone, when we started organizing four years ago, in fact one of the very few people that thought that this could be done, my wife, Helen.\"<br \/>[\/et_pb_text][\/et_pb_column][\/et_pb_row][\/et_pb_section][et_pb_section fb_built=\"1\" _builder_version=\"4.21.0\" _module_preset=\"default\" global_colors_info=\"{}\"][et_pb_row column_structure=\"2_3,1_3\" _builder_version=\"4.21.0\" _module_preset=\"default\" custom_margin=\"auto||auto||true|false\" global_colors_info=\"{}\"][et_pb_column type=\"2_3\" _builder_version=\"4.21.0\" _module_preset=\"default\" global_colors_info=\"{}\"][et_pb_text _builder_version=\"4.21.0\" _module_preset=\"default\" text_font_size=\"20px\" text_line_height=\"1.6em\" global_colors_info=\"{}\"]<span style=\"font-weight: 400;\">As historian Frank Bardacke writes in his book Trampling Out the Vintage, \u201cit was back to the fields for Helen, back to the life of a farmworker mom: getting up at 4 a.m. to lay out breakfast and lunch for the kids; carrying Birdy, the youngest, still asleep, over to his aunt Teresa\u2019s; arriving in the fields by six for a full day of physical labor; going back to Teresa\u2019s to pick up Birdy; returning home to make dinner; cleaning up the kitchen; getting everyone ready for bed.\u201d<\/span><\/p><p>\u00a0<br \/>[\/et_pb_text][\/et_pb_column][et_pb_column type=\"1_3\" _builder_version=\"4.21.0\" _module_preset=\"default\" global_colors_info=\"{}\"][\/et_pb_column][\/et_pb_row][\/et_pb_section][et_pb_section fb_built=\"1\" _builder_version=\"4.21.0\" _module_preset=\"default\" background_image=\"http:\/\/farmworkermovement-csun.org\/wp-content\/uploads\/2023\/09\/Helen-Chavez-scaled.jpg\" background_position=\"top_center\" background_vertical_offset=\"29%\" min_height=\"70vh\" global_colors_info=\"{}\"][\/et_pb_section][et_pb_section fb_built=\"1\" _builder_version=\"4.21.0\" _module_preset=\"default\" min_height=\"336.8px\" global_colors_info=\"{}\"][et_pb_row column_structure=\"1_3,2_3\" _builder_version=\"4.21.0\" _module_preset=\"default\" custom_margin=\"auto||auto||true|false\" global_colors_info=\"{}\"][et_pb_column type=\"1_3\" _builder_version=\"4.21.0\" _module_preset=\"default\" global_colors_info=\"{}\"][et_pb_text _builder_version=\"4.21.0\" _module_preset=\"default\" global_colors_info=\"{}\"][\/et_pb_text][\/et_pb_column][et_pb_column type=\"2_3\" _builder_version=\"4.21.0\" _module_preset=\"default\" global_colors_info=\"{}\"][et_pb_text _builder_version=\"4.21.0\" _module_preset=\"default\" text_font_size=\"20px\" text_line_height=\"1.6em\" global_colors_info=\"{}\"]<span style=\"font-weight: 400;\">Helen worked in the fields for a year, and after that, she was able to find work full-time as the FWA bookkeeper for $50 a week. Later on, she became an accountant for the union, the administrator for the United Farm Workers Association\u2019s (UFWA) credit union, and the manager of some of its social service projects. She was the center of the union\u2019s financial operations.<\/span><br \/>[\/et_pb_text][\/et_pb_column][\/et_pb_row][\/et_pb_section][et_pb_section fb_built=\"1\" _builder_version=\"4.21.0\" _module_preset=\"default\" background_color=\"#D8D2C4\" min_height=\"468px\" global_module=\"70\" saved_tabs=\"all\" locked=\"off\" global_colors_info=\"{}\"][et_pb_row column_structure=\"1_4,1_4,1_4,1_4\" _builder_version=\"4.21.0\" _module_preset=\"default\" global_colors_info=\"{}\"][et_pb_column type=\"1_4\" _builder_version=\"4.21.0\" _module_preset=\"default\" global_colors_info=\"{}\"][et_pb_image src=\"http:\/\/farmworkermovement-csun.org\/wp-content\/uploads\/2023\/07\/footer_logos.png\" title_text=\"footer_logos\" url=\"https:\/\/www.csun.edu\/bradley-center\" url_new_window=\"on\" align=\"center\" _builder_version=\"4.21.0\" _module_preset=\"default\" global_colors_info=\"{}\"][\/et_pb_image][et_pb_image src=\"http:\/\/farmworkermovement-csun.org\/wp-content\/uploads\/2023\/07\/NEH-Preferred-Seal.png\" alt=\"NEH-Preferred-Seal-logo\" title_text=\"NEH-Preferred-Seal\" _builder_version=\"4.21.0\" _module_preset=\"default\" global_colors_info=\"{}\"][\/et_pb_image][\/et_pb_column][et_pb_column type=\"1_4\" _builder_version=\"4.21.0\" _module_preset=\"default\" global_colors_info=\"{}\"][et_pb_text _builder_version=\"4.21.0\" _module_preset=\"default\" global_colors_info=\"{}\"]<\/p><p><span class=\"fn org\" style=\"color: #000000;\">Tom & Ethel Bradley Center<br \/>\u00a9 California State University, Northridge<\/span><br \/><span class=\"street-address\" style=\"color: #000000;\">18111 Nordhoff Street, Northridge, CA 91330<\/span><br \/><span class=\"tel\">Phone:\u00a0<a class=\"value\" href=\"tel:+18186771200\">(818) 677-1200<\/a><\/span>\u00a0\/\u00a0<span class=\"contact-us\"><a href=\"https:\/\/www.csun.edu\/contact\">Contact Us<\/a><\/span><\/p><p>[\/et_pb_text][\/et_pb_column][et_pb_column type=\"1_4\" _builder_version=\"4.21.0\" _module_preset=\"default\" global_colors_info=\"{}\"][et_pb_text _builder_version=\"4.21.0\" _module_preset=\"default\" global_colors_info=\"{}\"]<\/p><p><a href=\"https:\/\/www.csun.edu\/emergency\/\">Emergency Information<\/a><\/p><p><a href=\"https:\/\/www.csun.edu\/afvp\/university-policies-procedures\/\">University Policies & Procedures<\/a><\/p><p><a href=\"https:\/\/www.csun.edu\/eqd\/title-ix-gender-equity-and-sexual-misconduct\">Title\u00a0<abbr title=\"nine\">IX<\/abbr><\/a><\/p><p>[\/et_pb_text][\/et_pb_column][et_pb_column type=\"1_4\" _builder_version=\"4.21.0\" _module_preset=\"default\" global_colors_info=\"{}\"][et_pb_text _builder_version=\"4.21.0\" _module_preset=\"default\" global_colors_info=\"{}\"]<\/p><p><a href=\"https:\/\/www.csun.edu\/sites\/default\/files\/900-12.pdf\">Terms and Conditions for Use<\/a><\/p><p><a href=\"https:\/\/www.csun.edu\/it\/privacy\">Privacy Policy<\/a><\/p><p><a href=\"https:\/\/www.csun.edu\/it\/document-viewers\">Document Reader<\/a><\/p><p>[\/et_pb_text][\/et_pb_column][\/et_pb_row][\/et_pb_section]<\/p>","_et_gb_content_width":"","om_disable_all_campaigns":false,"_monsterinsights_skip_tracking":false,"_monsterinsights_sitenote_active":false,"_monsterinsights_sitenote_note":"","_monsterinsights_sitenote_category":0,"_uf_show_specific_survey":0,"_uf_disable_surveys":false,"footnotes":""},"class_list":["post-1638","page","type-page","status-publish","hentry"],"aioseo_notices":[],"_links":{"self":[{"href":"https:\/\/farmworkermovement-csun.org\/es\/wp-json\/wp\/v2\/pages\/1638","targetHints":{"allow":["GET"]}}],"collection":[{"href":"https:\/\/farmworkermovement-csun.org\/es\/wp-json\/wp\/v2\/pages"}],"about":[{"href":"https:\/\/farmworkermovement-csun.org\/es\/wp-json\/wp\/v2\/types\/page"}],"author":[{"embeddable":true,"href":"https:\/\/farmworkermovement-csun.org\/es\/wp-json\/wp\/v2\/users\/1"}],"replies":[{"embeddable":true,"href":"https:\/\/farmworkermovement-csun.org\/es\/wp-json\/wp\/v2\/comments?post=1638"}],"version-history":[{"count":13,"href":"https:\/\/farmworkermovement-csun.org\/es\/wp-json\/wp\/v2\/pages\/1638\/revisions"}],"predecessor-version":[{"id":5886,"href":"https:\/\/farmworkermovement-csun.org\/es\/wp-json\/wp\/v2\/pages\/1638\/revisions\/5886"}],"wp:attachment":[{"href":"https:\/\/farmworkermovement-csun.org\/es\/wp-json\/wp\/v2\/media?parent=1638"}],"curies":[{"name":"wp","href":"https:\/\/api.w.org\/{rel}","templated":true}]}}