{"id":1663,"date":"2024-02-19T19:53:42","date_gmt":"2024-02-19T19:53:42","guid":{"rendered":"https:\/\/farmworkermovement-csun.org\/?page_id=1663"},"modified":"2024-05-02T21:58:32","modified_gmt":"2024-05-02T21:58:32","slug":"antonio_orendain","status":"publish","type":"page","link":"https:\/\/farmworkermovement-csun.org\/es\/antonio_orendain\/","title":{"rendered":"People: Antonio \u201cTony\u201d Orend\u00e1in"},"content":{"rendered":"<p>[et_pb_section fb_built=&#8221;1&#8243; disabled_on=&#8221;on|off|off&#8221; _builder_version=&#8221;4.21.0&#8243; _module_preset=&#8221;default&#8221; use_background_color_gradient=&#8221;on&#8221; background_color_gradient_direction=&#8221;360deg&#8221; background_color_gradient_stops=&#8221;#000000 0%|rgba(10,10,10,0) 65%&#8221; background_color_gradient_overlays_image=&#8221;on&#8221; background_image=&#8221;http:\/\/farmworkermovement-csun.org\/wp-content\/uploads\/2024\/01\/FMC_931_full.jpg&#8221; background_position=&#8221;top_center&#8221; background_vertical_offset=&#8221;48%&#8221; width=&#8221;100%&#8221; min_height=&#8221;39vh&#8221; custom_margin=&#8221;-2px|||||&#8221; custom_padding=&#8221;98px|0px|98px|0px|true|true&#8221; locked=&#8221;off&#8221; global_colors_info=&#8221;{}&#8221;][et_pb_row _builder_version=&#8221;4.21.0&#8243; _module_preset=&#8221;default&#8221; custom_padding=&#8221;150px|||||&#8221; global_colors_info=&#8221;{}&#8221;][et_pb_column type=&#8221;4_4&#8243; _builder_version=&#8221;4.17.4&#8243; _module_preset=&#8221;default&#8221; global_colors_info=&#8221;{}&#8221;][et_pb_text _builder_version=&#8221;4.21.0&#8243; _module_preset=&#8221;default&#8221; text_font=&#8221;Montserrat|700|||||||&#8221; header_font=&#8221;Montserrat|700|||||||&#8221; header_text_align=&#8221;center&#8221; header_text_color=&#8221;#FFFFFF&#8221; header_font_size=&#8221;76px&#8221; custom_margin=&#8221;||-16px|||&#8221; header_font_tablet=&#8221;Montserrat|700|||||||&#8221; header_font_phone=&#8221;Montserrat|700|||||||&#8221; header_font_last_edited=&#8221;on|desktop&#8221; global_colors_info=&#8221;{}&#8221;]<\/p>\n<h1 style=\"text-align: center;\"><strong>Antonio \u201cTony\u201d Orend\u00e1in<\/strong><\/h1>\n<p>[\/et_pb_text][\/et_pb_column][\/et_pb_row][\/et_pb_section][et_pb_section fb_built=&#8221;1&#8243; disabled_on=&#8221;off|on|on&#8221; _builder_version=&#8221;4.21.0&#8243; _module_preset=&#8221;default&#8221; use_background_color_gradient=&#8221;on&#8221; background_color_gradient_direction=&#8221;360deg&#8221; background_color_gradient_stops=&#8221;#000000 0%|rgba(10,10,10,0) 65%&#8221; background_color_gradient_overlays_image=&#8221;on&#8221; background_image=&#8221;http:\/\/farmworkermovement-csun.org\/wp-content\/uploads\/2024\/01\/FMC_931_full.jpg&#8221; background_position=&#8221;top_center&#8221; background_vertical_offset=&#8221;46%&#8221; width=&#8221;100%&#8221; min_height=&#8221;39vh&#8221; custom_margin=&#8221;-2px|||||&#8221; custom_padding=&#8221;98px|0px|98px|0px|true|true&#8221; locked=&#8221;off&#8221; global_colors_info=&#8221;{}&#8221;][et_pb_row _builder_version=&#8221;4.21.0&#8243; _module_preset=&#8221;default&#8221; custom_padding=&#8221;85px|||||&#8221; global_colors_info=&#8221;{}&#8221;][et_pb_column type=&#8221;4_4&#8243; _builder_version=&#8221;4.17.4&#8243; _module_preset=&#8221;default&#8221; global_colors_info=&#8221;{}&#8221;][et_pb_text _builder_version=&#8221;4.21.0&#8243; _module_preset=&#8221;default&#8221; text_font=&#8221;Montserrat|700|||||||&#8221; header_font=&#8221;|700|||||||&#8221; header_text_align=&#8221;center&#8221; header_text_color=&#8221;#FFFFFF&#8221; header_font_size=&#8221;40px&#8221; text_orientation=&#8221;center&#8221; custom_margin=&#8221;||||false|false&#8221; custom_padding=&#8221;75px|||||&#8221; header_font_tablet=&#8221;Roboto Slab|700|||||||&#8221; header_font_phone=&#8221;Montserrat|700|||||||&#8221; header_font_last_edited=&#8221;on|desktop&#8221; global_colors_info=&#8221;{}&#8221;]<\/p>\n<h1 style=\"text-align: center;\"><strong>Antonio \u201cTony\u201d Orend\u00e1in<\/strong><\/h1>\n<p>[\/et_pb_text][\/et_pb_column][\/et_pb_row][\/et_pb_section][et_pb_section fb_built=&#8221;1&#8243; _builder_version=&#8221;4.21.0&#8243; _module_preset=&#8221;default&#8221; global_colors_info=&#8221;{}&#8221;][et_pb_row column_structure=&#8221;1_3,2_3&#8243; _builder_version=&#8221;4.21.0&#8243; _module_preset=&#8221;default&#8221; custom_padding=&#8221;12px||0px|||&#8221; global_colors_info=&#8221;{}&#8221;][et_pb_column type=&#8221;1_3&#8243; _builder_version=&#8221;4.21.0&#8243; _module_preset=&#8221;default&#8221; global_colors_info=&#8221;{}&#8221;][et_pb_text _builder_version=&#8221;4.21.0&#8243; _module_preset=&#8221;default&#8221; link_option_url=&#8221;https:\/\/cdm17169.contentdm.oclc.org\/digital\/collection\/FMC\/id\/931&#8243; link_option_url_new_window=&#8221;on&#8221; global_colors_info=&#8221;{}&#8221;]<\/p>\n<p><em><span style=\"color: #808080;\">Tony Orend\u00e1in visiting from Texas, Delano, 1967. Photo by Emmon Clarke.<\/span><\/em><\/p>\n<p>[\/et_pb_text][\/et_pb_column][et_pb_column type=&#8221;2_3&#8243; _builder_version=&#8221;4.21.0&#8243; _module_preset=&#8221;default&#8221; global_colors_info=&#8221;{}&#8221;][et_pb_text _builder_version=&#8221;4.21.0&#8243; _module_preset=&#8221;default&#8221; text_font_size=&#8221;20px&#8221; text_line_height=&#8221;1.6em&#8221; global_colors_info=&#8221;{}&#8221;]<span style=\"font-weight: 400;\">Antonio \u201cTony\u201d Orend\u00e1in was born in 1930 in Etzatl\u00e1n, Jalisco, Mexico. He migrated to the U.S. when he was 20, and worked as a seasonal farm laborer in Idaho, Oregon, and Montana before settling in Hanford, California, where he joined the Community Service Organization (CSO). Orend\u00e1in met his wife, Raquel Ram\u00edrez in 1952, and both worked for the CSO from 1953 to 1962. He and Ch\u00e1vez worked together at the CSO, lobbying lawmakers in Sacramento for better working conditions for farmworkers. In 1962, he co-founded with Ch\u00e1vez and others the National Farm Workers Association (NFWA) and became the first Secretary-Treasurer.<\/span><br \/>\n[\/et_pb_text][\/et_pb_column][\/et_pb_row][\/et_pb_section][et_pb_section fb_built=&#8221;1&#8243; _builder_version=&#8221;4.21.0&#8243; _module_preset=&#8221;default&#8221; background_image=&#8221;http:\/\/farmworkermovement-csun.org\/wp-content\/uploads\/2024\/01\/FMC_934_full.jpg&#8221; background_position=&#8221;top_center&#8221; background_vertical_offset=&#8221;39%&#8221; min_height=&#8221;75vh&#8221; link_option_url=&#8221;https:\/\/cdm17169.contentdm.oclc.org\/digital\/collection\/FMC\/id\/934&#8243; link_option_url_new_window=&#8221;on&#8221; global_colors_info=&#8221;{}&#8221;][\/et_pb_section][et_pb_section fb_built=&#8221;1&#8243; module_id=&#8221;section-english&#8221; _builder_version=&#8221;4.21.0&#8243; _module_preset=&#8221;default&#8221; min_height=&#8221;336.8px&#8221; custom_margin=&#8221;||-50px|||&#8221; global_colors_info=&#8221;{}&#8221;][et_pb_row column_structure=&#8221;1_3,2_3&#8243; _builder_version=&#8221;4.21.0&#8243; _module_preset=&#8221;default&#8221; custom_margin=&#8221;auto||auto||true|false&#8221; global_colors_info=&#8221;{}&#8221;][et_pb_column type=&#8221;1_3&#8243; _builder_version=&#8221;4.21.0&#8243; _module_preset=&#8221;default&#8221; global_colors_info=&#8221;{}&#8221;][et_pb_text _builder_version=&#8221;4.21.0&#8243; _module_preset=&#8221;default&#8221; hover_enabled=&#8221;0&#8243; global_colors_info=&#8221;{}&#8221; link_option_url_new_window=&#8221;on&#8221; link_option_url=&#8221;https:\/\/cdm17169.contentdm.oclc.org\/digital\/collection\/FMC\/id\/934&#8243; sticky_enabled=&#8221;0&#8243;]<\/p>\n<p><em><span style=\"color: #808080;\">Tony Orend\u00e1in and an unidentified man eat together, Delano, 1967. Photo by Emmon Clarke.<\/span><\/em><\/p>\n<p>[\/et_pb_text][\/et_pb_column][et_pb_column type=&#8221;2_3&#8243; _builder_version=&#8221;4.21.0&#8243; _module_preset=&#8221;default&#8221; global_colors_info=&#8221;{}&#8221;][et_pb_text _builder_version=&#8221;4.21.0&#8243; _module_preset=&#8221;default&#8221; text_font_size=&#8221;20px&#8221; text_line_height=&#8221;1.6em&#8221; global_colors_info=&#8221;{}&#8221;]<\/p>\n<p><span style=\"font-weight: 400;\">In May 1966, he traveled to El Paso, Texas, to picket the Chamizal Labor Agency that was providing strikebreakers to farms in Delano. Following his success in convincing strikebreakers to join the strike, Ch\u00e1vez asked him to remain there to help Eugene Nelson in the strike against local melon growers in South Texas. Orend\u00e1in, Nelson, and Bill Chandler organized a protest against workers coming from Mexico and blocked their passage on the bridge of Rome, which ended with their arrest and led to a nonviolent hunger strike.<\/span><\/p>\n<p><span style=\"font-weight: 400;\">The union announced a national boycott of all products from La Casita Farms, one of the main agri-businesses. Padilla and Jim Drake were sent from Delano to help organize but after nine months of striking, the union in Texas had accomplished very little. In February of 1968, Ch\u00e1vez Anneounced a 25-day fast to underline the nonviolent nature of the movement and strengthen public opinion in the union\u2019s favor, but Orend\u00e1in, who could not accept the religious nature of the fast and thought it would be detrimental to the union\u2019s goals, boycotted the fast and refused to attend the mass when it ended.<\/span><\/p>\n<p>[\/et_pb_text][\/et_pb_column][\/et_pb_row][\/et_pb_section][et_pb_section fb_built=&#8221;1&#8243; _builder_version=&#8221;4.21.0&#8243; _module_preset=&#8221;default&#8221; background_color=&#8221;#D22030&#8243; locked=&#8221;off&#8221; global_colors_info=&#8221;{}&#8221;][et_pb_row column_structure=&#8221;2_5,3_5&#8243; _builder_version=&#8221;4.21.0&#8243; _module_preset=&#8221;default&#8221; background_color=&#8221;#D22030&#8243; width=&#8221;100%&#8221; max_width=&#8221;100%&#8221; global_colors_info=&#8221;{}&#8221;][et_pb_column type=&#8221;2_5&#8243; _builder_version=&#8221;4.21.0&#8243; _module_preset=&#8221;default&#8221; global_colors_info=&#8221;{}&#8221;][et_pb_image src=&#8221;http:\/\/farmworkermovement-csun.org\/wp-content\/uploads\/2024\/01\/FMC_1561_full.jpg&#8221; alt=&#8221;<br \/>\nDolores Huerta, vice president of the National Farm Workers Association (NFWA) and principal speaker of the rally, speaks to a crowd in front of State Capitol on the last day of the march from Delano to Sacramento. California Governor Pat Brown refused to meet with the marchers that day and instead spent the weekend in Palm Springs. \u201cWe are no longer interested in listening to the excuses the Governor has given in defense of the growers, to his apologies to them for not paying us decent wages or why the growers cannot dignify the workers as individuals with the right to place the price on their own labor through collective bargaining,\u201d said Huerta according to the New York Times.<\/p>\n<p>Dolores Huerta, vicepresidente de la Asociaci\u00f3n Nacional de Campesinos (NFWA) y oradora principal de la manifestaci\u00f3n, habla ante una multitud frente al capitolio estatal el \u00faltimo d\u00eda de la marcha de Delano a Sacramento. El gobernador de California, Pat Brown, se neg\u00f3 a reunirse con los manifestantes ese d\u00eda y, en cambio, pas\u00f3 el fin de semana en Palm Springs. \u201cYa no nos interesa escuchar las excusas que ha dado el Gobernador en defensa de los due\u00f1os, sus disculpas por no pagarnos salarios dignos o por qu\u00e9 los due\u00f1os no pueden dignificar a los trabajadores como individuos con derecho a poner el precio en su propio trabajo a trav\u00e9s de la negociaci\u00f3n colectiva\u201d, dijo Huerta seg\u00fan el New York Times.&#8221; title_text=&#8221;Tony Orend\u00e1in and Pedro R\u00edos organizing a picket, R\u00edo Grande City, Texas, 1967&#8243; url=&#8221;https:\/\/cdm17169.contentdm.oclc.org\/digital\/collection\/FMC\/id\/1561&#8243; url_new_window=&#8221;on&#8221; _builder_version=&#8221;4.21.0&#8243; _module_preset=&#8221;default&#8221; global_colors_info=&#8221;{}&#8221;][\/et_pb_image][\/et_pb_column][et_pb_column type=&#8221;3_5&#8243; _builder_version=&#8221;4.21.0&#8243; _module_preset=&#8221;default&#8221; global_colors_info=&#8221;{}&#8221;][et_pb_text _builder_version=&#8221;4.21.0&#8243; _module_preset=&#8221;default&#8221; text_text_color=&#8221;#FFFFFF&#8221; text_font_size=&#8221;40px&#8221; text_line_height=&#8221;1.2em&#8221; custom_margin=&#8221;0px||||false|false&#8221; custom_padding=&#8221;|10vh||5vh|false|false&#8221; global_colors_info=&#8221;{}&#8221;]<\/p>\n<p>Tony Orend\u00e1in and Pedro R\u00edos organizing a picket, R\u00edo Grande City, Texas, 1967<\/p>\n<p>[\/et_pb_text][et_pb_text _builder_version=&#8221;4.21.0&#8243; _module_preset=&#8221;default&#8221; text_text_color=&#8221;#FFFFFF&#8221; text_font_size=&#8221;20px&#8221; text_line_height=&#8221;1.6em&#8221; header_4_text_color=&#8221;#FFFFFF&#8221; module_alignment=&#8221;center&#8221; custom_margin=&#8221;||||false|false&#8221; custom_padding=&#8221;|10vh||5vh|false|false&#8221; global_colors_info=&#8221;{}&#8221;]Tony Orend\u00e1in and Pedro R\u00edos are among a group of strikers organizing a picket in front of La Casita Farms. R\u00edos is sitting on the bed of the truck and Orend\u00e1in is in front of him, standing on the street and wearing his usual black hat. Other vehicles are parked at the same intersection.<\/p>\n<p>Photographer Emmon Clarke spent some time in Texas, documenting the activities of Texas farmworkers, organizers from Texas, and organizers sent to Starr County by the National Farm Workers Association from California. Texas melon pickers started their strike on June 1, 1966, demanding higher wages. Wages were often as low as 40-60 cents an hour. Following the successful march from Delano to Sacramento of Spring that year, workers in Texas organized a 400-mile march from Rio Grande City to Austin from July 4 to Labor Day, September 5, 1966. La Casita Farms, the largest melon grower, raised wages from 85 cents to $1.00 but refused to meet the workers\u2019 demands for $1.25 and a contract recognizing their union.[\/et_pb_text][\/et_pb_column][\/et_pb_row][\/et_pb_section][et_pb_section fb_built=&#8221;1&#8243; _builder_version=&#8221;4.21.0&#8243; _module_preset=&#8221;default&#8221; custom_padding=&#8221;5px|||||&#8221; global_colors_info=&#8221;{}&#8221;][et_pb_row column_structure=&#8221;2_3,1_3&#8243; _builder_version=&#8221;4.21.0&#8243; _module_preset=&#8221;default&#8221; custom_margin=&#8221;auto||auto||true|false&#8221; global_colors_info=&#8221;{}&#8221;][et_pb_column type=&#8221;2_3&#8243; _builder_version=&#8221;4.21.0&#8243; _module_preset=&#8221;default&#8221; global_colors_info=&#8221;{}&#8221;][et_pb_text _builder_version=&#8221;4.21.0&#8243; _module_preset=&#8221;default&#8221; text_font_size=&#8221;20px&#8221; text_line_height=&#8221;1.6em&#8221; global_colors_info=&#8221;{}&#8221;]<span style=\"font-weight: 400;\">In 1969 he and his family left Delano and moved to the R\u00edo Grande Valley following Ch\u00e1vez\u2019s request. But the UFW gave the grape and lettuce boycott precedence over organizing and striking South Texas growers. After a brief time working on the boycott in Chicago, he went right back to the Texas Valley in 1975, against Ch\u00e1vez\u2019s wishes. There he organized a strike in the melon harvest in the R\u00edo Grande Valley where marches and strikes turned violent.<\/span><br \/>\n[\/et_pb_text][\/et_pb_column][et_pb_column type=&#8221;1_3&#8243; _builder_version=&#8221;4.21.0&#8243; _module_preset=&#8221;default&#8221; global_colors_info=&#8221;{}&#8221;][\/et_pb_column][\/et_pb_row][\/et_pb_section][et_pb_section fb_built=&#8221;1&#8243; _builder_version=&#8221;4.21.0&#8243; _module_preset=&#8221;default&#8221; background_image=&#8221;http:\/\/farmworkermovement-csun.org\/wp-content\/uploads\/2024\/01\/FMC_1092_full.jpg&#8221; background_position=&#8221;top_center&#8221; background_vertical_offset=&#8221;43%&#8221; min_height=&#8221;70vh&#8221; custom_padding=&#8221;0px||0px|||&#8221; link_option_url=&#8221;https:\/\/cdm17169.contentdm.oclc.org\/digital\/collection\/FMC\/id\/1092&#8243; link_option_url_new_window=&#8221;on&#8221; global_colors_info=&#8221;{}&#8221;][\/et_pb_section][et_pb_section fb_built=&#8221;1&#8243; _builder_version=&#8221;4.21.0&#8243; _module_preset=&#8221;default&#8221; min_height=&#8221;336.8px&#8221; global_colors_info=&#8221;{}&#8221;][et_pb_row column_structure=&#8221;1_3,2_3&#8243; _builder_version=&#8221;4.21.0&#8243; _module_preset=&#8221;default&#8221; custom_margin=&#8221;auto||auto||true|false&#8221; global_colors_info=&#8221;{}&#8221;][et_pb_column type=&#8221;1_3&#8243; _builder_version=&#8221;4.21.0&#8243; _module_preset=&#8221;default&#8221; global_colors_info=&#8221;{}&#8221;][et_pb_text _builder_version=&#8221;4.21.0&#8243; _module_preset=&#8221;default&#8221; hover_enabled=&#8221;0&#8243; global_colors_info=&#8221;{}&#8221; link_option_url_new_window=&#8221;on&#8221; link_option_url=&#8221;https:\/\/cdm17169.contentdm.oclc.org\/digital\/collection\/FMC\/id\/1092&#8243; sticky_enabled=&#8221;0&#8243;]<\/p>\n<p><em><span style=\"color: #808080;\">Tony Orend\u00e1in and Franklin Garc\u00eda visiting the El Malcriado office, Delano, 1967. Photo by Emmon Clarke.<\/span><\/em><\/p>\n<p>[\/et_pb_text][\/et_pb_column][et_pb_column type=&#8221;2_3&#8243; _builder_version=&#8221;4.21.0&#8243; _module_preset=&#8221;default&#8221; global_colors_info=&#8221;{}&#8221;][et_pb_text _builder_version=&#8221;4.21.0&#8243; _module_preset=&#8221;default&#8221; text_font_size=&#8221;20px&#8221; text_line_height=&#8221;1.6em&#8221; global_colors_info=&#8221;{}&#8221;]<span style=\"font-weight: 400;\">Ch\u00e1vez condemned Orend\u00e1in and the R\u00edo Grande Valley farmworkers. Orend\u00e1in released a statement reiterating his commitment to nonviolence but eventually decided to officially step out of the UFW. In August 1975, he established the independent Texas Farm Workers (TFW) and kept organizing workers and strikes. When in September 1975 the citrus strike began in Mission, Texas, it was under the direction of TFW.<\/span><br \/>\n[\/et_pb_text][\/et_pb_column][\/et_pb_row][\/et_pb_section][et_pb_section fb_built=&#8221;1&#8243; _builder_version=&#8221;4.21.0&#8243; _module_preset=&#8221;default&#8221; background_color=&#8221;#D8D2C4&#8243; min_height=&#8221;530px&#8221; custom_margin=&#8221;-1px|||||&#8221; custom_padding=&#8221;0px|||||&#8221; global_module=&#8221;70&#8243; saved_tabs=&#8221;all&#8221; locked=&#8221;off&#8221; global_colors_info=&#8221;{}&#8221;][et_pb_row column_structure=&#8221;1_4,1_4,1_4,1_4&#8243; _builder_version=&#8221;4.21.0&#8243; _module_preset=&#8221;default&#8221; global_colors_info=&#8221;{}&#8221;][et_pb_column type=&#8221;1_4&#8243; _builder_version=&#8221;4.21.0&#8243; _module_preset=&#8221;default&#8221; global_colors_info=&#8221;{}&#8221;][et_pb_image src=&#8221;http:\/\/farmworkermovement-csun.org\/wp-content\/uploads\/2023\/07\/footer_logos.png&#8221; title_text=&#8221;footer_logos&#8221; url=&#8221;https:\/\/www.csun.edu\/bradley-center&#8221; url_new_window=&#8221;on&#8221; align=&#8221;center&#8221; _builder_version=&#8221;4.21.0&#8243; _module_preset=&#8221;default&#8221; global_colors_info=&#8221;{}&#8221;][\/et_pb_image][et_pb_image src=&#8221;http:\/\/farmworkermovement-csun.org\/wp-content\/uploads\/2023\/07\/NEH-Preferred-Seal.png&#8221; alt=&#8221;NEH-Preferred-Seal-logo&#8221; title_text=&#8221;NEH-Preferred-Seal&#8221; _builder_version=&#8221;4.21.0&#8243; _module_preset=&#8221;default&#8221; global_colors_info=&#8221;{}&#8221;][\/et_pb_image][\/et_pb_column][et_pb_column type=&#8221;1_4&#8243; _builder_version=&#8221;4.21.0&#8243; _module_preset=&#8221;default&#8221; global_colors_info=&#8221;{}&#8221;][et_pb_text _builder_version=&#8221;4.21.0&#8243; _module_preset=&#8221;default&#8221; global_colors_info=&#8221;{}&#8221;]<\/p>\n<p><span class=\"fn org\" style=\"color: #000000;\">Tom &amp; Ethel Bradley Center<br \/>California State University, Northridge<\/span><br \/><span class=\"street-address\" style=\"color: #000000;\">18111 Nordhoff Street, Northridge, CA 91330<\/span><br \/><span class=\"tel\">Phone:\u00a0<a class=\"value\" href=\"tel:+18186771200\">(818) 677-1200<\/a><\/span>\u00a0\/\u00a0<span class=\"contact-us\"><a href=\"https:\/\/www.csun.edu\/contact\">Contact Us<\/a><\/span><\/p>\n<p>[\/et_pb_text][\/et_pb_column][et_pb_column type=&#8221;1_4&#8243; _builder_version=&#8221;4.21.0&#8243; _module_preset=&#8221;default&#8221; global_colors_info=&#8221;{}&#8221;][et_pb_text _builder_version=&#8221;4.21.0&#8243; _module_preset=&#8221;default&#8221; global_colors_info=&#8221;{}&#8221;]<\/p>\n<p><a href=\"https:\/\/www.csun.edu\/emergency\/\">Emergency Information<\/a><\/p>\n<p><a href=\"https:\/\/www.csun.edu\/afvp\/university-policies-procedures\/\">University Policies &amp; Procedures<\/a><\/p>\n<p><a href=\"https:\/\/www.csun.edu\/eqd\/title-ix-gender-equity-and-sexual-misconduct\">Title<span>\u00a0<\/span><abbr title=\"nine\">IX<\/abbr><\/a><\/p>\n<p>[\/et_pb_text][\/et_pb_column][et_pb_column type=&#8221;1_4&#8243; _builder_version=&#8221;4.21.0&#8243; _module_preset=&#8221;default&#8221; global_colors_info=&#8221;{}&#8221;][et_pb_text _builder_version=&#8221;4.21.0&#8243; _module_preset=&#8221;default&#8221; global_colors_info=&#8221;{}&#8221;]<\/p>\n<p><a href=\"https:\/\/www.csun.edu\/sites\/default\/files\/900-12.pdf\">Terms and Conditions for Use<\/a><\/p>\n<p><a href=\"https:\/\/www.csun.edu\/it\/privacy\">Privacy Policy<\/a><\/p>\n<p><a href=\"https:\/\/www.csun.edu\/it\/document-viewers\">Document Reader<\/a><\/p>\n<p>[\/et_pb_text][\/et_pb_column][\/et_pb_row][\/et_pb_section]<\/p>\n","protected":false},"excerpt":{"rendered":"<p>Antonio \u201cTony\u201d Orend\u00e1inAntonio \u201cTony\u201d Orend\u00e1inTony Orend\u00e1in visiting from Texas, Delano, 1967. Photo by Emmon Clarke.Antonio \u201cTony\u201d Orend\u00e1in was born in 1930 in Etzatl\u00e1n, Jalisco, Mexico. He migrated to the U.S. when he was 20, and worked as a seasonal farm laborer in Idaho, Oregon, and Montana before settling in Hanford, California, where he joined the [&hellip;]<\/p>\n","protected":false},"author":1,"featured_media":0,"parent":0,"menu_order":0,"comment_status":"closed","ping_status":"closed","template":"","meta":{"_et_pb_use_builder":"on","_et_pb_old_content":"<p>[et_pb_section fb_built=\"1\" disabled_on=\"on|off|off\" _builder_version=\"4.21.0\" _module_preset=\"default\" use_background_color_gradient=\"on\" background_color_gradient_direction=\"360deg\" background_color_gradient_stops=\"#000000 0%|rgba(10,10,10,0) 65%\" background_color_gradient_overlays_image=\"on\" background_image=\"http:\/\/farmworkermovement-csun.org\/wp-content\/uploads\/2023\/09\/Cesar-Chavez-and-Helen-Chavez-standing-in-front-of-the-State-Capitol-Sacramento-1966.jpg\" background_position=\"top_center\" background_vertical_offset=\"28%\" width=\"100%\" min_height=\"39vh\" custom_margin=\"-2px|||||\" custom_padding=\"98px|0px|98px|0px|true|true\" locked=\"off\" global_colors_info=\"{}\"][et_pb_row _builder_version=\"4.21.0\" _module_preset=\"default\" custom_padding=\"85px|||||\" global_colors_info=\"{}\"][et_pb_column type=\"4_4\" _builder_version=\"4.17.4\" _module_preset=\"default\" global_colors_info=\"{}\"][et_pb_text _builder_version=\"4.21.0\" _module_preset=\"default\" text_font=\"Montserrat|700|||||||\" header_font=\"Montserrat|700|||||||\" header_text_align=\"center\" header_text_color=\"#FFFFFF\" header_font_size=\"76px\" custom_margin=\"||-16px|||\" header_font_tablet=\"Montserrat|700|||||||\" header_font_phone=\"Montserrat|700|||||||\" header_font_last_edited=\"on|desktop\" global_colors_info=\"{}\"]<\/p><h1 style=\"text-align: center;\">Helen Fabela Ch\u00e1vez<\/h1><p>[\/et_pb_text][\/et_pb_column][\/et_pb_row][\/et_pb_section][et_pb_section fb_built=\"1\" disabled_on=\"off|on|on\" _builder_version=\"4.21.0\" _module_preset=\"default\" use_background_color_gradient=\"on\" background_color_gradient_direction=\"360deg\" background_color_gradient_stops=\"#000000 0%|rgba(10,10,10,0) 65%\" background_color_gradient_overlays_image=\"on\" background_image=\"http:\/\/farmworkermovement-csun.org\/wp-content\/uploads\/2023\/08\/96.01.EC_.N35.B1.17.01.28A.jpg\" background_position=\"top_center\" background_vertical_offset=\"13%\" width=\"100%\" min_height=\"39vh\" custom_margin=\"-2px|||||\" custom_padding=\"98px|0px|98px|0px|true|true\" locked=\"off\" global_colors_info=\"{}\"][et_pb_row _builder_version=\"4.21.0\" _module_preset=\"default\" custom_padding=\"85px|||||\" global_colors_info=\"{}\"][et_pb_column type=\"4_4\" _builder_version=\"4.17.4\" _module_preset=\"default\" global_colors_info=\"{}\"][et_pb_text _builder_version=\"4.21.0\" _module_preset=\"default\" text_font=\"Montserrat|700|||||||\" header_font=\"|700|||||||\" header_text_align=\"center\" header_text_color=\"#FFFFFF\" header_font_size=\"40px\" text_orientation=\"center\" custom_margin=\"||-16px|||\" header_font_tablet=\"Roboto Slab|700|||||||\" header_font_phone=\"Montserrat|700|||||||\" header_font_last_edited=\"on|desktop\" global_colors_info=\"{}\"]<\/p><h1 style=\"text-align: center;\">Helen Fabela Ch\u00e1vez<\/h1><p>[\/et_pb_text][\/et_pb_column][\/et_pb_row][\/et_pb_section][et_pb_section fb_built=\"1\" _builder_version=\"4.21.0\" _module_preset=\"default\" global_colors_info=\"{}\"][et_pb_row _builder_version=\"4.21.0\" _module_preset=\"default\" custom_margin=\"auto|auto|auto|auto|true|false\" global_colors_info=\"{}\"][et_pb_column type=\"4_4\" _builder_version=\"4.21.0\" _module_preset=\"default\" global_colors_info=\"{}\"][et_pb_text _builder_version=\"4.21.0\" _module_preset=\"default\" text_font=\"Montserrat|500||on|||||\" text_text_color=\"#D22030\" text_font_size=\"24px\" text_line_height=\"1.6em\" text_orientation=\"center\" width=\"60%\" module_alignment=\"center\" custom_padding=\"0px||||false|false\" global_colors_info=\"{}\"]<\/p><p style=\"text-align: center;\">\u201cLorem ipsum dolor sit amet, consectetur adipiscing elit. Aenean finibus sapien non neque venenatis rhoncus.\u201d<\/p><p>[\/et_pb_text][\/et_pb_column][\/et_pb_row][\/et_pb_section][et_pb_section fb_built=\"1\" _builder_version=\"4.21.0\" _module_preset=\"default\" global_colors_info=\"{}\"][et_pb_row column_structure=\"1_3,2_3\" _builder_version=\"4.21.0\" _module_preset=\"default\" custom_padding=\"12px||0px|||\" global_colors_info=\"{}\"][et_pb_column type=\"1_3\" _builder_version=\"4.21.0\" _module_preset=\"default\" global_colors_info=\"{}\"][et_pb_text _builder_version=\"4.21.0\" _module_preset=\"default\" text_font=\"Montserrat|500||on|||||\" text_font_size=\"22px\" text_line_height=\"1.6em\" global_colors_info=\"{}\"]<\/p><p style=\"text-align: left;\">one of the founders of the United Farm Workers (UFW)<\/p><p>[\/et_pb_text][\/et_pb_column][et_pb_column type=\"2_3\" _builder_version=\"4.21.0\" _module_preset=\"default\" global_colors_info=\"{}\"][et_pb_text _builder_version=\"4.21.0\" _module_preset=\"default\" text_font_size=\"20px\" text_line_height=\"1.6em\" global_colors_info=\"{}\"]<\/p><p><span style=\"font-weight: 400;\">Helen Fabela Ch\u00e1vez was one of the FWA cofounders. She was born in 1928 in Brawley, California, to Mexican parents that immigrated to the United States in the mass immigration of the 1920s to work as migrant laborers in the San Joaquin Valley. The second of five children, Helen started working in the fields when she was only seven, picking up cotton and grapes together with her mother. Her father died when she was 12, and three years later she and her older sister Teresa quit Delano High School to work full-time and support their mother, their sister Petra, and their four brothers. That same year, 1943, she met Cesar Ch\u00e1vez.<\/span><\/p><p>[\/et_pb_text][et_pb_button button_text=\"Espa\u00f1ol\" button_alignment=\"right\" module_id=\"my-button\" _builder_version=\"4.21.0\" _module_preset=\"default\" global_colors_info=\"{}\"][\/et_pb_button][\/et_pb_column][\/et_pb_row][\/et_pb_section][et_pb_section fb_built=\"1\" _builder_version=\"4.21.0\" _module_preset=\"default\" background_image=\"http:\/\/farmworkermovement-csun.org\/wp-content\/uploads\/2023\/09\/Bonnie-Chatfield-Gilbert-Padilla-Helen-Chavez-and-Jessica-Govea-working-at-the-Farm-Worker-Service-Center-Delano-ca.-1966.jpg\" background_position=\"top_center\" background_vertical_offset=\"22%\" min_height=\"75vh\" global_colors_info=\"{}\"][\/et_pb_section][et_pb_section fb_built=\"1\" module_id=\"section-english\" _builder_version=\"4.21.0\" _module_preset=\"default\" min_height=\"336.8px\" global_colors_info=\"{}\"][et_pb_row column_structure=\"1_3,2_3\" _builder_version=\"4.21.0\" _module_preset=\"default\" custom_margin=\"auto||auto||true|false\" global_colors_info=\"{}\"][et_pb_column type=\"1_3\" _builder_version=\"4.21.0\" _module_preset=\"default\" global_colors_info=\"{}\"][et_pb_text _builder_version=\"4.21.0\" _module_preset=\"default\" global_colors_info=\"{}\"][\/et_pb_text][\/et_pb_column][et_pb_column type=\"2_3\" _builder_version=\"4.21.0\" _module_preset=\"default\" global_colors_info=\"{}\"][et_pb_text _builder_version=\"4.21.0\" _module_preset=\"default\" text_font_size=\"20px\" text_line_height=\"1.6em\" global_colors_info=\"{}\"]<\/p><p><span style=\"font-weight: 400;\">Helen and Cesar married a few years later in 1948 and moved first into a house in Delano, where they picked strawberries in Greenfield, in Crescent City, and finally in San Jose, where they met Fred Ross, founder of the grassroots Latino civil rights group Community Service Organization (CSO). Cesar started working for the CSO shortly thereafter. During this time Helen kept busy being the primary caretaker of their eight children. When Cesar resigned from the CSO in 1962 and stopped receiving a salary, Helen, 34 years old at the time, went back to working in the fields part-time, picking grapes and assembling cardboard boxes at a local factory.<\/span><\/p><p>[\/et_pb_text][\/et_pb_column][\/et_pb_row][\/et_pb_section][et_pb_section fb_built=\"1\" _builder_version=\"4.21.0\" _module_preset=\"default\" background_color=\"#D22030\" locked=\"off\" global_colors_info=\"{}\"][et_pb_row column_structure=\"2_5,3_5\" _builder_version=\"4.21.0\" _module_preset=\"default\" background_color=\"#D22030\" width=\"100%\" max_width=\"100%\" global_colors_info=\"{}\"][et_pb_column type=\"2_5\" _builder_version=\"4.21.0\" _module_preset=\"default\" global_colors_info=\"{}\"][et_pb_image src=\"http:\/\/farmworkermovement-csun.org\/wp-content\/uploads\/2023\/09\/Cesar-Chavez-and-Helen-Chavez-standing-in-front-of-the-State-Capitol-Sacramento-1966.jpg\" alt=\"C\u00e9sar Ch\u00e1vez and H\u00e9len Ch\u00e1vez are standing in front of State Capitol on the last day of the march from Delano to Sacramento. C\u00e9sar Ch\u00e1vez briefly addressed the crowd that day. \u201cIt is well to remember that in defeat there must be courage, but also that in victory, there must be humility,\u201d Chavez said. He then thanked the organizations offered support and the farmworkers who went on strike. At the end of his talk he personally thanked Helen Ch\u00e1vez. \u201cAnd I want to introduce to you someone, when we started organizing four years ago, in fact one of the very few people that thought that this could be done, my wife, Helen.%22\" title_text=\"C\u00e9sar Ch\u00e1vez and H\u00e9len Ch\u00e1vez standing in front of the State Capitol, Sacramento, 1966\" _builder_version=\"4.21.0\" _module_preset=\"default\" global_colors_info=\"{}\"][\/et_pb_image][\/et_pb_column][et_pb_column type=\"3_5\" _builder_version=\"4.21.0\" _module_preset=\"default\" global_colors_info=\"{}\"][et_pb_text _builder_version=\"4.21.0\" _module_preset=\"default\" text_text_color=\"#FFFFFF\" text_font_size=\"40px\" text_line_height=\"1.2em\" custom_margin=\"15vh||||false|false\" custom_padding=\"|10vh||5vh|false|false\" global_colors_info=\"{}\"]C\u00e9sar Ch\u00e1vez and H\u00e9len Ch\u00e1vez standing in front of the State Capitol, Sacramento, 1966<br \/>[\/et_pb_text][et_pb_text _builder_version=\"4.21.0\" _module_preset=\"default\" text_text_color=\"#FFFFFF\" text_font_size=\"20px\" text_line_height=\"1.6em\" header_4_text_color=\"#FFFFFF\" module_alignment=\"center\" custom_margin=\"||||false|false\" custom_padding=\"|10vh||5vh|false|false\" global_colors_info=\"{}\"]<\/p><p>C\u00e9sar Ch\u00e1vez and H\u00e9len Ch\u00e1vez are standing in front of State Capitol on the last day of the march from Delano to Sacramento. C\u00e9sar Ch\u00e1vez briefly addressed the crowd that day. \u201cIt is well to remember that in defeat there must be courage, but also that in victory, there must be humility,\u201d Chavez said. He then thanked the organizations offered support and the farmworkers who went on strike. At the end of his talk he personally thanked Helen Ch\u00e1vez. \u201cAnd I want to introduce to you someone, when we started organizing four years ago, in fact one of the very few people that thought that this could be done, my wife, Helen.\"<\/p><p>[\/et_pb_text][\/et_pb_column][\/et_pb_row][\/et_pb_section][et_pb_section fb_built=\"1\" _builder_version=\"4.21.0\" _module_preset=\"default\" global_colors_info=\"{}\"][et_pb_row column_structure=\"2_3,1_3\" _builder_version=\"4.21.0\" _module_preset=\"default\" custom_margin=\"auto||auto||true|false\" global_colors_info=\"{}\"][et_pb_column type=\"2_3\" _builder_version=\"4.21.0\" _module_preset=\"default\" global_colors_info=\"{}\"][et_pb_text _builder_version=\"4.21.0\" _module_preset=\"default\" text_font_size=\"20px\" text_line_height=\"1.6em\" global_colors_info=\"{}\"]<\/p><p><span style=\"font-weight: 400;\">As historian Frank Bardacke writes in his book Trampling Out the Vintage, \u201cit was back to the fields for Helen, back to the life of a farmworker mom: getting up at 4 a.m. to lay out breakfast and lunch for the kids; carrying Birdy, the youngest, still asleep, over to his aunt Teresa\u2019s; arriving in the fields by six for a full day of physical labor; going back to Teresa\u2019s to pick up Birdy; returning home to make dinner; cleaning up the kitchen; getting everyone ready for bed.\u201d<\/span><\/p><p>\u00a0<\/p><p>[\/et_pb_text][\/et_pb_column][et_pb_column type=\"1_3\" _builder_version=\"4.21.0\" _module_preset=\"default\" global_colors_info=\"{}\"][\/et_pb_column][\/et_pb_row][\/et_pb_section][et_pb_section fb_built=\"1\" _builder_version=\"4.21.0\" _module_preset=\"default\" background_image=\"http:\/\/farmworkermovement-csun.org\/wp-content\/uploads\/2023\/09\/Helen-Chavez-scaled.jpg\" background_position=\"top_center\" background_vertical_offset=\"29%\" min_height=\"70vh\" global_colors_info=\"{}\"][\/et_pb_section][et_pb_section fb_built=\"1\" _builder_version=\"4.21.0\" _module_preset=\"default\" min_height=\"336.8px\" global_colors_info=\"{}\"][et_pb_row column_structure=\"1_3,2_3\" _builder_version=\"4.21.0\" _module_preset=\"default\" custom_margin=\"auto||auto||true|false\" global_colors_info=\"{}\"][et_pb_column type=\"1_3\" _builder_version=\"4.21.0\" _module_preset=\"default\" global_colors_info=\"{}\"][et_pb_text _builder_version=\"4.21.0\" _module_preset=\"default\" global_colors_info=\"{}\"][\/et_pb_text][\/et_pb_column][et_pb_column type=\"2_3\" _builder_version=\"4.21.0\" _module_preset=\"default\" global_colors_info=\"{}\"][et_pb_text _builder_version=\"4.21.0\" _module_preset=\"default\" text_font_size=\"20px\" text_line_height=\"1.6em\" global_colors_info=\"{}\"]<span style=\"font-weight: 400;\">Helen worked in the fields for a year, and after that, she was able to find work full-time as the FWA bookkeeper for $50 a week. Later on, she became an accountant for the union, the administrator for the United Farm Workers Association\u2019s (UFWA) credit union, and the manager of some of its social service projects. She was the center of the union\u2019s financial operations.<\/span><br \/>[\/et_pb_text][\/et_pb_column][\/et_pb_row][\/et_pb_section][et_pb_section fb_built=\"1\" _builder_version=\"4.21.0\" _module_preset=\"default\" background_color=\"#D8D2C4\" global_module=\"70\" saved_tabs=\"all\" global_colors_info=\"{}\"][et_pb_row column_structure=\"1_4,1_4,1_4,1_4\" _builder_version=\"4.21.0\" _module_preset=\"default\" global_colors_info=\"{}\"][et_pb_column type=\"1_4\" _builder_version=\"4.21.0\" _module_preset=\"default\" global_colors_info=\"{}\"][et_pb_image src=\"http:\/\/farmworkermovement-csun.org\/wp-content\/uploads\/2023\/07\/footer_logos.png\" title_text=\"footer_logos\" url=\"https:\/\/www.csun.edu\/bradley-center\" url_new_window=\"on\" align=\"center\" _builder_version=\"4.21.0\" _module_preset=\"default\" global_colors_info=\"{}\"][\/et_pb_image][et_pb_image src=\"http:\/\/farmworkermovement-csun.org\/wp-content\/uploads\/2023\/07\/NEH-Preferred-Seal.png\" alt=\"NEH-Preferred-Seal-logo\" title_text=\"NEH-Preferred-Seal\" _builder_version=\"4.21.0\" _module_preset=\"default\" global_colors_info=\"{}\"][\/et_pb_image][\/et_pb_column][et_pb_column type=\"1_4\" _builder_version=\"4.21.0\" _module_preset=\"default\" global_colors_info=\"{}\"][et_pb_text _builder_version=\"4.21.0\" _module_preset=\"default\" global_colors_info=\"{}\"]<\/p><p><span class=\"fn org\" style=\"color: #000000;\">Tom & Ethel Bradley Center<br \/>\u00a9 California State University, Northridge<\/span><br \/><span class=\"street-address\" style=\"color: #000000;\">18111 Nordhoff Street, Northridge, CA 91330<\/span><br \/><span class=\"tel\">Phone:\u00a0<a class=\"value\" href=\"tel:+18186771200\">(818) 677-1200<\/a><\/span>\u00a0\/\u00a0<span class=\"contact-us\"><a href=\"https:\/\/www.csun.edu\/contact\">Contact Us<\/a><\/span><\/p><p>[\/et_pb_text][\/et_pb_column][et_pb_column type=\"1_4\" _builder_version=\"4.21.0\" _module_preset=\"default\" global_colors_info=\"{}\"][et_pb_text _builder_version=\"4.21.0\" _module_preset=\"default\" global_colors_info=\"{}\"]<\/p><p><a href=\"https:\/\/www.csun.edu\/emergency\/\">Emergency Information<\/a><\/p><p><a href=\"https:\/\/www.csun.edu\/afvp\/university-policies-procedures\/\">University Policies & Procedures<\/a><\/p><p><a href=\"https:\/\/www.csun.edu\/eqd\/title-ix-gender-equity-and-sexual-misconduct\">Title\u00a0<abbr title=\"nine\">IX<\/abbr><\/a><\/p><p>[\/et_pb_text][\/et_pb_column][et_pb_column type=\"1_4\" _builder_version=\"4.21.0\" _module_preset=\"default\" global_colors_info=\"{}\"][et_pb_text _builder_version=\"4.21.0\" _module_preset=\"default\" global_colors_info=\"{}\"]<\/p><p><a href=\"https:\/\/www.csun.edu\/sites\/default\/files\/900-12.pdf\">Terms and Conditions for Use<\/a><\/p><p><a href=\"https:\/\/www.csun.edu\/it\/privacy\">Privacy Policy<\/a><\/p><p><a href=\"https:\/\/www.csun.edu\/it\/document-viewers\">Document Reader<\/a><\/p><p>[\/et_pb_text][\/et_pb_column][\/et_pb_row][\/et_pb_section]<\/p>","_et_gb_content_width":"","om_disable_all_campaigns":false,"_monsterinsights_skip_tracking":false,"_monsterinsights_sitenote_active":false,"_monsterinsights_sitenote_note":"","_monsterinsights_sitenote_category":0,"_uf_show_specific_survey":0,"_uf_disable_surveys":false,"footnotes":""},"class_list":["post-1663","page","type-page","status-publish","hentry"],"aioseo_notices":[],"_links":{"self":[{"href":"https:\/\/farmworkermovement-csun.org\/es\/wp-json\/wp\/v2\/pages\/1663","targetHints":{"allow":["GET"]}}],"collection":[{"href":"https:\/\/farmworkermovement-csun.org\/es\/wp-json\/wp\/v2\/pages"}],"about":[{"href":"https:\/\/farmworkermovement-csun.org\/es\/wp-json\/wp\/v2\/types\/page"}],"author":[{"embeddable":true,"href":"https:\/\/farmworkermovement-csun.org\/es\/wp-json\/wp\/v2\/users\/1"}],"replies":[{"embeddable":true,"href":"https:\/\/farmworkermovement-csun.org\/es\/wp-json\/wp\/v2\/comments?post=1663"}],"version-history":[{"count":15,"href":"https:\/\/farmworkermovement-csun.org\/es\/wp-json\/wp\/v2\/pages\/1663\/revisions"}],"predecessor-version":[{"id":5881,"href":"https:\/\/farmworkermovement-csun.org\/es\/wp-json\/wp\/v2\/pages\/1663\/revisions\/5881"}],"wp:attachment":[{"href":"https:\/\/farmworkermovement-csun.org\/es\/wp-json\/wp\/v2\/media?parent=1663"}],"curies":[{"name":"wp","href":"https:\/\/api.w.org\/{rel}","templated":true}]}}