{"id":750,"date":"2024-02-07T21:23:54","date_gmt":"2024-02-07T21:23:54","guid":{"rendered":"https:\/\/farmworkermovement-csun.org\/?page_id=750"},"modified":"2024-07-03T23:22:09","modified_gmt":"2024-07-03T23:22:09","slug":"event-22-ufwocs-charter-celebration","status":"publish","type":"page","link":"https:\/\/farmworkermovement-csun.org\/es\/event-22-ufwocs-charter-celebration\/","title":{"rendered":"Event: [22] UFWOC&#8217;s Charter Celebration"},"content":{"rendered":"<p>[et_pb_section fb_built=&#8221;1&#8243; disabled_on=&#8221;on|off|off&#8221; _builder_version=&#8221;4.21.0&#8243; _module_preset=&#8221;default&#8221; use_background_color_gradient=&#8221;on&#8221; background_color_gradient_direction=&#8221;360deg&#8221; background_color_gradient_stops=&#8221;#000000 0%|rgba(10,10,10,0) 65%&#8221; background_color_gradient_overlays_image=&#8221;on&#8221; background_image=&#8221;http:\/\/farmworkermovement-csun.org\/wp-content\/uploads\/2024\/05\/FMC_1984_full.jpg&#8221; background_position=&#8221;top_center&#8221; background_vertical_offset=&#8221;36%&#8221; width=&#8221;100%&#8221; min_height=&#8221;39vh&#8221; custom_margin=&#8221;-2px|||||&#8221; custom_padding=&#8221;98px|0px|98px|0px|true|true&#8221; locked=&#8221;off&#8221; global_colors_info=&#8221;{}&#8221;][et_pb_row _builder_version=&#8221;4.21.0&#8243; _module_preset=&#8221;default&#8221; custom_padding=&#8221;85px|||||&#8221; global_colors_info=&#8221;{}&#8221;][et_pb_column type=&#8221;4_4&#8243; _builder_version=&#8221;4.17.4&#8243; _module_preset=&#8221;default&#8221; global_colors_info=&#8221;{}&#8221;][et_pb_text _builder_version=&#8221;4.21.0&#8243; _module_preset=&#8221;default&#8221; text_font=&#8221;Montserrat|700|||||||&#8221; header_font=&#8221;Montserrat|700|||||||&#8221; header_text_align=&#8221;center&#8221; header_text_color=&#8221;#FFFFFF&#8221; header_font_size=&#8221;76px&#8221; custom_margin=&#8221;||-16px|||&#8221; header_font_tablet=&#8221;Montserrat|700|||||||&#8221; header_font_phone=&#8221;Montserrat|700|||||||&#8221; header_font_last_edited=&#8221;on|desktop&#8221; global_colors_info=&#8221;{}&#8221;]<\/p>\n<h1 style=\"text-align: center;\">UFWOC&#8217;s Charter Celebration<\/h1>\n<p>[\/et_pb_text][\/et_pb_column][\/et_pb_row][\/et_pb_section][et_pb_section fb_built=&#8221;1&#8243; disabled_on=&#8221;off|on|on&#8221; _builder_version=&#8221;4.21.0&#8243; _module_preset=&#8221;default&#8221; use_background_color_gradient=&#8221;on&#8221; background_color_gradient_direction=&#8221;360deg&#8221; background_color_gradient_stops=&#8221;#000000 0%|rgba(10,10,10,0) 65%&#8221; background_color_gradient_overlays_image=&#8221;on&#8221; background_image=&#8221;http:\/\/farmworkermovement-csun.org\/wp-content\/uploads\/2024\/05\/FMC_1984_full.jpg&#8221; background_position=&#8221;top_center&#8221; background_vertical_offset=&#8221;36%&#8221; width=&#8221;100%&#8221; min_height=&#8221;39vh&#8221; custom_margin=&#8221;-2px|||||&#8221; custom_padding=&#8221;98px|0px|98px|0px|true|true&#8221; locked=&#8221;off&#8221; global_colors_info=&#8221;{}&#8221;][et_pb_row _builder_version=&#8221;4.21.0&#8243; _module_preset=&#8221;default&#8221; custom_padding=&#8221;85px|||||&#8221; global_colors_info=&#8221;{}&#8221;][et_pb_column type=&#8221;4_4&#8243; _builder_version=&#8221;4.17.4&#8243; _module_preset=&#8221;default&#8221; global_colors_info=&#8221;{}&#8221;][et_pb_text _builder_version=&#8221;4.21.0&#8243; _module_preset=&#8221;default&#8221; text_font=&#8221;Montserrat|700|||||||&#8221; header_font=&#8221;|700|||||||&#8221; header_text_align=&#8221;center&#8221; header_text_color=&#8221;#FFFFFF&#8221; header_font_size=&#8221;40px&#8221; text_orientation=&#8221;center&#8221; custom_margin=&#8221;||-16px|||&#8221; header_font_tablet=&#8221;Roboto Slab|700|||||||&#8221; header_font_phone=&#8221;Montserrat|700|||||||&#8221; header_font_last_edited=&#8221;on|desktop&#8221; global_colors_info=&#8221;{}&#8221;]<\/p>\n<h1 style=\"text-align: center;\">UFWOC&#8217;s Charter Celebration<\/h1>\n<p>[\/et_pb_text][\/et_pb_column][\/et_pb_row][\/et_pb_section][et_pb_section fb_built=&#8221;1&#8243; _builder_version=&#8221;4.21.0&#8243; _module_preset=&#8221;default&#8221; global_colors_info=&#8221;{}&#8221;][et_pb_row column_structure=&#8221;1_3,2_3&#8243; _builder_version=&#8221;4.21.0&#8243; _module_preset=&#8221;default&#8221; custom_padding=&#8221;12px|||||&#8221; global_colors_info=&#8221;{}&#8221;][et_pb_column type=&#8221;1_3&#8243; _builder_version=&#8221;4.21.0&#8243; _module_preset=&#8221;default&#8221; global_colors_info=&#8221;{}&#8221;][et_pb_text _builder_version=&#8221;4.21.0&#8243; _module_preset=&#8221;default&#8221; link_option_url=&#8221;https:\/\/digital-collections.csun.edu\/digital\/collection\/FMC\/id\/1984&#8243; link_option_url_new_window=&#8221;on&#8221; global_colors_info=&#8221;{}&#8221;]<\/p>\n<p><span style=\"color: #999999;\"><em>C\u00e9sar Ch\u00e1vez and Larry Itliong standing on stage during the UFWOC charter presentation, Delano, 1966. Photo by John Kouns.<\/em><\/span><\/p>\n<p>[\/et_pb_text][\/et_pb_column][et_pb_column type=&#8221;2_3&#8243; _builder_version=&#8221;4.21.0&#8243; _module_preset=&#8221;default&#8221; global_colors_info=&#8221;{}&#8221;][et_pb_text _builder_version=&#8221;4.21.0&#8243; _module_preset=&#8221;default&#8221; text_font_size=&#8221;20px&#8221; text_line_height=&#8221;1.6em&#8221; global_colors_info=&#8221;{}&#8221;]<span style=\"font-weight: 400;\">The National Farm Workers Association (NFWA) and the Agricultural Workers Organizing Committee (AWOC) merged to form, under the AFL-CIO, the United Farm Workers Organizing Committee (UFWOC) on August 22, 1966. This affiliation was facilitated by William Kircher, director of organizing at the AFL-CIO, who after visiting the pilgrimage to Sacramento in April had transferred AWOC funds and headquarters to Delano, under the direction of Larry Itliong, and recognized NFWA&#8217;s claim to represent DiGiorgio workers pulling out AWOC from the ballot. Fearing to lose their autonomy, NFWA leaders were skeptical of the merger, but the need to preserve unity during the DiGiorgio election campaign persuaded them to affiliate.<\/span>[\/et_pb_text][\/et_pb_column][\/et_pb_row][\/et_pb_section][et_pb_section fb_built=&#8221;1&#8243; _builder_version=&#8221;4.21.0&#8243; _module_preset=&#8221;default&#8221; background_image=&#8221;http:\/\/farmworkermovement-csun.org\/wp-content\/uploads\/2023\/09\/17.41.JK_.N35.B12.12.11.png&#8221; background_position=&#8221;top_center&#8221; min_height=&#8221;65vh&#8221; link_option_url=&#8221;https:\/\/digital-collections.csun.edu\/digital\/collection\/FMC\/id\/2034&#8243; link_option_url_new_window=&#8221;on&#8221; global_colors_info=&#8221;{}&#8221;][\/et_pb_section][et_pb_section fb_built=&#8221;1&#8243; _builder_version=&#8221;4.21.0&#8243; _module_preset=&#8221;default&#8221; min_height=&#8221;336.8px&#8221; global_colors_info=&#8221;{}&#8221;][et_pb_row column_structure=&#8221;1_3,2_3&#8243; _builder_version=&#8221;4.21.0&#8243; _module_preset=&#8221;default&#8221; custom_margin=&#8221;auto||auto||true|false&#8221; global_colors_info=&#8221;{}&#8221;][et_pb_column type=&#8221;1_3&#8243; _builder_version=&#8221;4.21.0&#8243; _module_preset=&#8221;default&#8221; global_colors_info=&#8221;{}&#8221;][et_pb_text _builder_version=&#8221;4.21.0&#8243; _module_preset=&#8221;default&#8221; link_option_url=&#8221;https:\/\/digital-collections.csun.edu\/digital\/collection\/FMC\/id\/2034&#8243; link_option_url_new_window=&#8221;on&#8221; global_colors_info=&#8221;{}&#8221;]<\/p>\n<p><span style=\"color: #999999;\"><em>Agust\u00edn Lira and Luis Valdez singing on stage during a UFWOC presentation, Delano, 1966. Photo by John Kouns.<\/em><\/span><\/p>\n<p>[\/et_pb_text][\/et_pb_column][et_pb_column type=&#8221;2_3&#8243; _builder_version=&#8221;4.21.0&#8243; _module_preset=&#8221;default&#8221; global_colors_info=&#8221;{}&#8221;][et_pb_text _builder_version=&#8221;4.21.0&#8243; _module_preset=&#8221;default&#8221; text_font_size=&#8221;20px&#8221; text_line_height=&#8221;1.6em&#8221; hover_enabled=&#8221;0&#8243; global_colors_info=&#8221;{}&#8221; sticky_enabled=&#8221;0&#8243;]<\/p>\n<p><span style=\"font-weight: 400;\">When UFWOC was officially chartered, <a href=\"https:\/\/farmworkermovement-csun.org\/cesar-chavez\/\" target=\"_blank\" rel=\"noopener\">C\u00e9sar Ch\u00e1vez<\/a> became director and <a href=\"https:\/\/farmworkermovement-csun.org\/larry-itliong-2\/\" target=\"_blank\" rel=\"noopener\">Larry Itliong<\/a> assistant director. Besides Ch\u00e1vez and Itliong, the UFWOC&#8217;s executive board included leaders from both NFWA and AWOC: <a href=\"https:\/\/farmworkermovement-csun.org\/gilbert-padilla-2\/\" target=\"_blank\" rel=\"noopener\">Gilbert Padilla<\/a>, <a href=\"https:\/\/farmworkermovement-csun.org\/philip_vera_cruz\/\" target=\"_blank\" rel=\"noopener\">Philip Vera Cruz<\/a>, <a href=\"https:\/\/farmworkermovement-csun.org\/dolores-huerta\/\" target=\"_blank\" rel=\"noopener\">Dolores Huerta<\/a>, <a href=\"https:\/\/farmworkermovement-csun.org\/antonio_orendain\/\" target=\"_blank\" rel=\"noopener\">Tony Orend\u00e1in<\/a>, <a href=\"https:\/\/farmworkermovement-csun.org\/andrew-andy-imutan-2\/\" target=\"_blank\" rel=\"noopener\">Andy Imutan<\/a>, <a href=\"https:\/\/farmworkermovement-csun.org\/julio-hernandez-2\/\" target=\"_blank\" rel=\"noopener\">Julio Hern\u00e1ndez<\/a>, Manuel V\u00e1squez, and DeWitt Tannehill.<\/span><\/p>\n<p>[\/et_pb_text][\/et_pb_column][\/et_pb_row][\/et_pb_section][et_pb_section fb_built=&#8221;1&#8243; _builder_version=&#8221;4.21.0&#8243; _module_preset=&#8221;default&#8221; background_color=&#8221;#D22030&#8243; locked=&#8221;off&#8221; global_colors_info=&#8221;{}&#8221;][et_pb_row column_structure=&#8221;2_5,3_5&#8243; _builder_version=&#8221;4.21.0&#8243; _module_preset=&#8221;default&#8221; background_color=&#8221;#D22030&#8243; width=&#8221;100%&#8221; max_width=&#8221;100%&#8221; global_colors_info=&#8221;{}&#8221;][et_pb_column type=&#8221;2_5&#8243; _builder_version=&#8221;4.21.0&#8243; _module_preset=&#8221;default&#8221; global_colors_info=&#8221;{}&#8221;][et_pb_image src=&#8221;http:\/\/farmworkermovement-csun.org\/wp-content\/uploads\/2023\/09\/17.41.JK_.N35.B12.12.11-1.png&#8221; alt=&#8221;Bill Kircher presenting the UFWOC charter to C\u00e9sar Ch\u00e1vez and Larry Itliong, Delano, 1966&#8243; title_text=&#8221;Bill Kircher presenting the UFWOC charter to C\u00e9sar Ch\u00e1vez and Larry Itliong, Delano, 1966&#8243; url=&#8221;https:\/\/digital-collections.csun.edu\/digital\/collection\/FMC\/id\/2036&#8243; url_new_window=&#8221;on&#8221; _builder_version=&#8221;4.21.0&#8243; _module_preset=&#8221;default&#8221; global_colors_info=&#8221;{}&#8221;][\/et_pb_image][\/et_pb_column][et_pb_column type=&#8221;3_5&#8243; _builder_version=&#8221;4.21.0&#8243; _module_preset=&#8221;default&#8221; global_colors_info=&#8221;{}&#8221;][et_pb_text _builder_version=&#8221;4.21.0&#8243; _module_preset=&#8221;default&#8221; text_font_size=&#8221;40px&#8221; text_line_height=&#8221;1.2em&#8221; width=&#8221;95.4%&#8221; custom_padding=&#8221;|||34px||&#8221; global_colors_info=&#8221;{}&#8221;]<\/p>\n<p><span style=\"color: #ffffff;\">Bill Kircher presenting the UFWOC charter to C\u00e9sar Ch\u00e1vez and Larry Itliong, Delano, 1966<\/span><\/p>\n<p>[\/et_pb_text][et_pb_text _builder_version=&#8221;4.21.0&#8243; _module_preset=&#8221;default&#8221; text_text_color=&#8221;#FFFFFF&#8221; text_font_size=&#8221;20px&#8221; text_line_height=&#8221;1.6em&#8221; header_4_text_color=&#8221;#FFFFFF&#8221; module_alignment=&#8221;center&#8221; custom_margin=&#8221;6vh||||false|false&#8221; custom_padding=&#8221;|10vh||5vh|false|false&#8221; global_colors_info=&#8221;{}&#8221;]<\/p>\n<p>William &#8220;Bill&#8221; Kircher was the national director of organizing assigned by the president of the AFL-CIO George Meany to go to Delano during the strike. Kircher met with Ch\u00e1vez during the march to Sacramento. There, Ch\u00e1vez decided that the NFWA would become an AFL-CIO affiliate and talks of an AWOC-NFWA merger began. One point brought up by opposition to the merger was that Kircher&#8217;s superior, Meany, steered the AFL-CIO in a more conservative direction and could handicap the NFWA like some of the more progressive unions before it. Ch\u00e1vez ultimately decided that the merger was a good idea because having AWOC and NFWA on the DiGiorgio ballot could split the anti-company and anti-Teamsters vote.<\/p>\n<p>[\/et_pb_text][\/et_pb_column][\/et_pb_row][\/et_pb_section][et_pb_section fb_built=&#8221;1&#8243; _builder_version=&#8221;4.21.0&#8243; _module_preset=&#8221;default&#8221; global_colors_info=&#8221;{}&#8221;][et_pb_row column_structure=&#8221;2_3,1_3&#8243; _builder_version=&#8221;4.21.0&#8243; _module_preset=&#8221;default&#8221; custom_margin=&#8221;auto||auto||true|false&#8221; global_colors_info=&#8221;{}&#8221;][et_pb_column type=&#8221;2_3&#8243; _builder_version=&#8221;4.21.0&#8243; _module_preset=&#8221;default&#8221; global_colors_info=&#8221;{}&#8221;][et_pb_text _builder_version=&#8221;4.21.0&#8243; _module_preset=&#8221;default&#8221; text_font_size=&#8221;20px&#8221; text_line_height=&#8221;1.6em&#8221; global_colors_info=&#8221;{}&#8221;]<span style=\"font-weight: 400;\">UFWOC won unprecedented autonomy from the AFL-CIO and as an organizing committee it was entitled to a monthly subsidy. The new union faced challenges as some members of AWOC quit due to economic or ideological differences. AWOC organizers were asked to give up their weekly pay of $125 and saw their work as a trade dispute rather than a social justice movement. One AWOC organizer, Ben Gines, joined the Teamsters instead of the new union. UFWOC was busy from the start, tackling multiple campaigns including the Perelli-Minetti and Sons national boycott and various election campaigns at the DiGiorgio and Goldberg ranches.<\/span>[\/et_pb_text][\/et_pb_column][et_pb_column type=&#8221;1_3&#8243; _builder_version=&#8221;4.21.0&#8243; _module_preset=&#8221;default&#8221; global_colors_info=&#8221;{}&#8221;][et_pb_text _builder_version=&#8221;4.21.0&#8243; _module_preset=&#8221;default&#8221; link_option_url=&#8221;https:\/\/digital-collections.csun.edu\/digital\/collection\/FMC\/id\/2033&#8243; link_option_url_new_window=&#8221;on&#8221; global_colors_info=&#8221;{}&#8221;]<\/p>\n<p><span style=\"color: #999999;\"><em><\/em><\/span><\/p>\n<p><span style=\"color: #999999;\"><em><\/em><\/span><\/p>\n<p><span style=\"color: #999999;\"><em><\/em><\/span><\/p>\n<p><span style=\"color: #999999;\"><em><\/em><\/span><\/p>\n<p><span style=\"color: #999999;\"><em><\/em><\/span><\/p>\n<p><span style=\"color: #999999;\"><em><\/em><\/span><\/p>\n<p><span style=\"color: #999999;\"><em><\/em><\/span><\/p>\n<p><span style=\"color: #999999;\"><em><\/em><\/span><\/p>\n<p><span style=\"color: #999999;\"><em><\/em><\/span><\/p>\n<p><span style=\"color: #999999;\"><em><\/em><\/span><\/p>\n<p><span style=\"color: #999999;\"><em><\/em><\/span><\/p>\n<p><span style=\"color: #999999;\"><em><\/em><\/span><\/p>\n<p><span style=\"color: #999999;\"><em><\/em><\/span><\/p>\n<p><span style=\"color: #999999;\"><em><\/em><\/span><\/p>\n<p><span style=\"color: #999999;\"><em><\/em><\/span><\/p>\n<p><span style=\"color: #999999;\"><em><\/em><\/span><\/p>\n<p><span style=\"color: #999999;\"><em>C\u00e9sar Ch\u00e1vez standing on stage with a mariachi band, Delano, 1966. Photo by John Kouns.<\/em><\/span><\/p>\n<p>[\/et_pb_text][\/et_pb_column][\/et_pb_row][\/et_pb_section][et_pb_section fb_built=&#8221;1&#8243; _builder_version=&#8221;4.21.0&#8243; _module_preset=&#8221;default&#8221; background_image=&#8221;http:\/\/farmworkermovement-csun.org\/wp-content\/uploads\/2023\/09\/17.41.JK_.N35.B12.10.13.png&#8221; min_height=&#8221;70vh&#8221; link_option_url=&#8221;https:\/\/digital-collections.csun.edu\/digital\/collection\/FMC\/id\/2033&#8243; link_option_url_new_window=&#8221;on&#8221; global_colors_info=&#8221;{}&#8221;][\/et_pb_section][et_pb_section fb_built=&#8221;1&#8243; _builder_version=&#8221;4.21.0&#8243; _module_preset=&#8221;default&#8221; background_color=&#8221;#D8D2C4&#8243; min_height=&#8221;530px&#8221; custom_margin=&#8221;-1px|||||&#8221; custom_padding=&#8221;0px|||||&#8221; global_module=&#8221;70&#8243; saved_tabs=&#8221;all&#8221; locked=&#8221;off&#8221; global_colors_info=&#8221;{}&#8221;][et_pb_row column_structure=&#8221;1_4,1_4,1_4,1_4&#8243; _builder_version=&#8221;4.21.0&#8243; _module_preset=&#8221;default&#8221; global_colors_info=&#8221;{}&#8221;][et_pb_column type=&#8221;1_4&#8243; _builder_version=&#8221;4.21.0&#8243; _module_preset=&#8221;default&#8221; global_colors_info=&#8221;{}&#8221;][et_pb_image src=&#8221;http:\/\/farmworkermovement-csun.org\/wp-content\/uploads\/2023\/07\/footer_logos.png&#8221; title_text=&#8221;footer_logos&#8221; url=&#8221;https:\/\/www.csun.edu\/bradley-center&#8221; url_new_window=&#8221;on&#8221; align=&#8221;center&#8221; _builder_version=&#8221;4.21.0&#8243; _module_preset=&#8221;default&#8221; global_colors_info=&#8221;{}&#8221;][\/et_pb_image][et_pb_image src=&#8221;http:\/\/farmworkermovement-csun.org\/wp-content\/uploads\/2023\/07\/NEH-Preferred-Seal.png&#8221; alt=&#8221;NEH-Preferred-Seal-logo&#8221; title_text=&#8221;NEH-Preferred-Seal&#8221; _builder_version=&#8221;4.21.0&#8243; _module_preset=&#8221;default&#8221; global_colors_info=&#8221;{}&#8221;][\/et_pb_image][\/et_pb_column][et_pb_column type=&#8221;1_4&#8243; _builder_version=&#8221;4.21.0&#8243; _module_preset=&#8221;default&#8221; global_colors_info=&#8221;{}&#8221;][et_pb_text _builder_version=&#8221;4.21.0&#8243; _module_preset=&#8221;default&#8221; global_colors_info=&#8221;{}&#8221;]<\/p>\n<p><span class=\"fn org\" style=\"color: #000000;\">Tom &amp; Ethel Bradley Center<br \/>California State University, Northridge<\/span><br \/><span class=\"street-address\" style=\"color: #000000;\">18111 Nordhoff Street, Northridge, CA 91330<\/span><br \/><span class=\"tel\">Phone:\u00a0<a class=\"value\" href=\"tel:+18186771200\">(818) 677-1200<\/a><\/span>\u00a0\/\u00a0<span class=\"contact-us\"><a href=\"https:\/\/www.csun.edu\/contact\">Contact Us<\/a><\/span><\/p>\n<p>[\/et_pb_text][\/et_pb_column][et_pb_column type=&#8221;1_4&#8243; _builder_version=&#8221;4.21.0&#8243; _module_preset=&#8221;default&#8221; global_colors_info=&#8221;{}&#8221;][et_pb_text _builder_version=&#8221;4.21.0&#8243; _module_preset=&#8221;default&#8221; global_colors_info=&#8221;{}&#8221;]<\/p>\n<p><a href=\"https:\/\/www.csun.edu\/emergency\/\">Emergency Information<\/a><\/p>\n<p><a href=\"https:\/\/www.csun.edu\/afvp\/university-policies-procedures\/\">University Policies &amp; Procedures<\/a><\/p>\n<p><a href=\"https:\/\/www.csun.edu\/eqd\/title-ix-gender-equity-and-sexual-misconduct\">Title<span>\u00a0<\/span><abbr title=\"nine\">IX<\/abbr><\/a><\/p>\n<p>[\/et_pb_text][\/et_pb_column][et_pb_column type=&#8221;1_4&#8243; _builder_version=&#8221;4.21.0&#8243; _module_preset=&#8221;default&#8221; global_colors_info=&#8221;{}&#8221;][et_pb_text _builder_version=&#8221;4.21.0&#8243; _module_preset=&#8221;default&#8221; global_colors_info=&#8221;{}&#8221;]<\/p>\n<p><a href=\"https:\/\/www.csun.edu\/sites\/default\/files\/900-12.pdf\">Terms and Conditions for Use<\/a><\/p>\n<p><a href=\"https:\/\/www.csun.edu\/it\/privacy\">Privacy Policy<\/a><\/p>\n<p><a href=\"https:\/\/www.csun.edu\/it\/document-viewers\">Document Reader<\/a><\/p>\n<p>[\/et_pb_text][\/et_pb_column][\/et_pb_row][\/et_pb_section]<\/p>\n","protected":false},"excerpt":{"rendered":"<p>UFWOC&#8217;s Charter CelebrationUFWOC&#8217;s Charter CelebrationC\u00e9sar Ch\u00e1vez and Larry Itliong standing on stage during the UFWOC charter presentation, Delano, 1966. Photo by John Kouns.The National Farm Workers Association (NFWA) and the Agricultural Workers Organizing Committee (AWOC) merged to form, under the AFL-CIO, the United Farm Workers Organizing Committee (UFWOC) on August 22, 1966. This affiliation was [&hellip;]<\/p>\n","protected":false},"author":1,"featured_media":0,"parent":0,"menu_order":0,"comment_status":"closed","ping_status":"closed","template":"","meta":{"_et_pb_use_builder":"on","_et_pb_old_content":"","_et_gb_content_width":"","om_disable_all_campaigns":false,"_monsterinsights_skip_tracking":false,"_monsterinsights_sitenote_active":false,"_monsterinsights_sitenote_note":"","_monsterinsights_sitenote_category":0,"_uf_show_specific_survey":0,"_uf_disable_surveys":false,"footnotes":""},"class_list":["post-750","page","type-page","status-publish","hentry"],"aioseo_notices":[],"_links":{"self":[{"href":"https:\/\/farmworkermovement-csun.org\/es\/wp-json\/wp\/v2\/pages\/750","targetHints":{"allow":["GET"]}}],"collection":[{"href":"https:\/\/farmworkermovement-csun.org\/es\/wp-json\/wp\/v2\/pages"}],"about":[{"href":"https:\/\/farmworkermovement-csun.org\/es\/wp-json\/wp\/v2\/types\/page"}],"author":[{"embeddable":true,"href":"https:\/\/farmworkermovement-csun.org\/es\/wp-json\/wp\/v2\/users\/1"}],"replies":[{"embeddable":true,"href":"https:\/\/farmworkermovement-csun.org\/es\/wp-json\/wp\/v2\/comments?post=750"}],"version-history":[{"count":30,"href":"https:\/\/farmworkermovement-csun.org\/es\/wp-json\/wp\/v2\/pages\/750\/revisions"}],"predecessor-version":[{"id":6182,"href":"https:\/\/farmworkermovement-csun.org\/es\/wp-json\/wp\/v2\/pages\/750\/revisions\/6182"}],"wp:attachment":[{"href":"https:\/\/farmworkermovement-csun.org\/es\/wp-json\/wp\/v2\/media?parent=750"}],"curies":[{"name":"wp","href":"https:\/\/api.w.org\/{rel}","templated":true}]}}